{"id":1073,"date":"2023-03-27T16:03:11","date_gmt":"2023-03-27T14:03:11","guid":{"rendered":"https:\/\/www.vetter-wein.de\/relaunch\/wordpress\/?page_id=1073"},"modified":"2023-03-31T12:49:35","modified_gmt":"2023-03-31T10:49:35","slug":"datenschutz","status":"publish","type":"page","link":"https:\/\/www.vetter-wein.de\/eng\/datenschutz\/","title":{"rendered":"Privacy"},"content":{"rendered":"<div data-elementor-type=\"wp-post\" data-elementor-id=\"1073\" class=\"elementor elementor-1073\">\n\t\t\t\t\t\t\t\t\t<section class=\"elementor-section elementor-top-section elementor-element elementor-element-f9e3053 elementor-section-stretched elementor-section-height-min-height header-scroll elementor-section-boxed elementor-section-height-default elementor-section-items-middle\" data-id=\"f9e3053\" data-element_type=\"section\" data-settings=\"{&quot;stretch_section&quot;:&quot;section-stretched&quot;,&quot;background_background&quot;:&quot;classic&quot;,&quot;animation&quot;:&quot;none&quot;}\">\n\t\t\t\t\t\t\t<div class=\"elementor-background-overlay\"><\/div>\n\t\t\t\t\t\t\t<div class=\"elementor-container elementor-column-gap-default\">\n\t\t\t\t\t<div class=\"elementor-column elementor-col-100 elementor-top-column elementor-element elementor-element-cd40cf3\" data-id=\"cd40cf3\" data-element_type=\"column\">\n\t\t\t<div class=\"elementor-widget-wrap elementor-element-populated\">\n\t\t\t\t\t\t\t\t<section class=\"elementor-section elementor-inner-section elementor-element elementor-element-d62effc elementor-section-boxed elementor-section-height-default elementor-section-height-default\" data-id=\"d62effc\" data-element_type=\"section\">\n\t\t\t\t\t\t<div class=\"elementor-container elementor-column-gap-default\">\n\t\t\t\t\t<div class=\"elementor-column elementor-col-100 elementor-inner-column elementor-element elementor-element-7b23b8c elementor-invisible\" data-id=\"7b23b8c\" data-element_type=\"column\" data-settings=\"{&quot;background_background&quot;:&quot;classic&quot;,&quot;animation&quot;:&quot;fadeInUp&quot;}\">\n\t\t\t<div class=\"elementor-widget-wrap elementor-element-populated\">\n\t\t\t\t\t\t\t\t<div class=\"elementor-element elementor-element-5baf192 elementor-widget elementor-widget-image\" data-id=\"5baf192\" data-element_type=\"widget\" data-widget_type=\"image.default\">\n\t\t\t\t<div class=\"elementor-widget-container\">\n\t\t\t<style>\/*! elementor - v3.11.2 - 22-02-2023 *\/\n.elementor-widget-image{text-align:center}.elementor-widget-image a{display:inline-block}.elementor-widget-image a img[src$=\".svg\"]{width:48px}.elementor-widget-image img{vertical-align:middle;display:inline-block}<\/style>\t\t\t\t\t\t\t\t\t\t\t\t<img decoding=\"async\" src=\"https:\/\/www.vetter-wein.de\/wordpress\/wp-content\/uploads\/elementor\/thumbs\/LOGO_Vetter_2023_white-Kopie-q2u9wma7xtmw40x7g1ghghczdad3tpsnii3tq5ejew.png\" title=\"LOGO_Vetter_2023_white Kopie\" alt=\"LOGO_Vetter_2023_white Kopie\" loading=\"lazy\" \/>\t\t\t\t\t\t\t\t\t\t\t\t\t\t\t<\/div>\n\t\t\t\t<\/div>\n\t\t\t\t\t<\/div>\n\t\t<\/div>\n\t\t\t\t\t\t\t<\/div>\n\t\t<\/section>\n\t\t\t\t\t<\/div>\n\t\t<\/div>\n\t\t\t\t\t\t\t<\/div>\n\t\t<\/section>\n\t\t\t\t<section class=\"elementor-section elementor-top-section elementor-element elementor-element-88e02b1 elementor-section-stretched elementor-section-boxed elementor-section-height-default elementor-section-height-default\" data-id=\"88e02b1\" data-element_type=\"section\" data-settings=\"{&quot;stretch_section&quot;:&quot;section-stretched&quot;,&quot;background_background&quot;:&quot;classic&quot;}\">\n\t\t\t\t\t\t<div class=\"elementor-container elementor-column-gap-default\">\n\t\t\t\t\t<div class=\"elementor-column elementor-col-100 elementor-top-column elementor-element elementor-element-a24b5d1\" data-id=\"a24b5d1\" data-element_type=\"column\">\n\t\t\t<div class=\"elementor-widget-wrap elementor-element-populated\">\n\t\t\t\t\t\t\t\t<div class=\"elementor-element elementor-element-c3d3f2d elementor-widget elementor-widget-heading\" data-id=\"c3d3f2d\" data-element_type=\"widget\" data-widget_type=\"heading.default\">\n\t\t\t\t<div class=\"elementor-widget-container\">\n\t\t\t<style>\/*! elementor - v3.11.2 - 22-02-2023 *\/\n.elementor-heading-title{padding:0;margin:0;line-height:1}.elementor-widget-heading .elementor-heading-title[class*=elementor-size-]>a{color:inherit;font-size:inherit;line-height:inherit}.elementor-widget-heading .elementor-heading-title.elementor-size-small{font-size:15px}.elementor-widget-heading .elementor-heading-title.elementor-size-medium{font-size:19px}.elementor-widget-heading .elementor-heading-title.elementor-size-large{font-size:29px}.elementor-widget-heading .elementor-heading-title.elementor-size-xl{font-size:39px}.elementor-widget-heading .elementor-heading-title.elementor-size-xxl{font-size:59px}<\/style><h2 class=\"elementor-heading-title elementor-size-default\">Privacy<\/h2>\t\t<\/div>\n\t\t\t\t<\/div>\n\t\t\t\t<div class=\"elementor-element elementor-element-30a9f6b elementor-widget elementor-widget-text-editor\" data-id=\"30a9f6b\" data-element_type=\"widget\" data-widget_type=\"text-editor.default\">\n\t\t\t\t<div class=\"elementor-widget-container\">\n\t\t\t<style>\/*! elementor - v3.11.2 - 22-02-2023 *\/\n.elementor-widget-text-editor.elementor-drop-cap-view-stacked .elementor-drop-cap{background-color:#818a91;color:#fff}.elementor-widget-text-editor.elementor-drop-cap-view-framed .elementor-drop-cap{color:#818a91;border:3px solid;background-color:transparent}.elementor-widget-text-editor:not(.elementor-drop-cap-view-default) .elementor-drop-cap{margin-top:8px}.elementor-widget-text-editor:not(.elementor-drop-cap-view-default) .elementor-drop-cap-letter{width:1em;height:1em}.elementor-widget-text-editor .elementor-drop-cap{float:left;text-align:center;line-height:1;font-size:50px}.elementor-widget-text-editor .elementor-drop-cap-letter{display:inline-block}<\/style>\t\t\t\t<h2 id=\"angaben-gemass-5-tmg\">Angaben gem\u00e4\u00df \u00a7 5 TMG:<\/h2><p>Stefan Vetter<br \/>Neuweg 2<br \/>97753 Gambach, Bavaria, Germany<\/p><p>USt-IdNr.: \u00a0DE243596159<\/p><h3 id=\"kontakt\">Kontakt:<\/h3><figure class=\"wp-block-table\"><table><tbody><tr><td>Telefon:<\/td><td>09353 \/ 98 43 505<\/td><\/tr><tr><td>Mobil:<\/td><td>0160 \/\u00a020 30 448<\/td><\/tr><tr><td>E-Mail:<\/td><td>post@vetter-wein.de<\/td><\/tr><\/tbody><\/table><\/figure><h2 id=\"fotos\"><strong>Fotos<\/strong><\/h2><p><strong>Titelfoto GK: Holger Riegel<\/strong><\/p><p><strong>Alle Anderen: Cornelius B\u00f6nsch<\/strong><\/p><h2 id=\"haftungsausschluss-disclaimer\">Haftungsausschluss (Disclaimer)<\/h2><h4 id=\"haftung-fur-inhalte\">Haftung f\u00fcr Inhalte<\/h4><p>Als Diensteanbieter sind wir gem\u00e4\u00df \u00a7 7 Abs.1 TMG f\u00fcr eigene Inhalte auf diesen Seiten nach den allgemeinen Gesetzen verantwortlich. Nach \u00a7\u00a7 8 bis 10 TMG sind wir als Diensteanbieter jedoch nicht verpflichtet, \u00fcbermittelte oder gespeicherte fremde Informationen zu \u00fcberwachen oder nach Umst\u00e4nden zu forschen, die auf eine rechtswidrige T\u00e4tigkeit hinweisen.<\/p><p>Verpflichtungen zur Entfernung oder Sperrung der Nutzung von Informationen nach den allgemeinen Gesetzen bleiben hiervon unber\u00fchrt. Eine diesbez\u00fcgliche Haftung ist jedoch erst ab dem Zeitpunkt der Kenntnis einer konkreten Rechtsverletzung m\u00f6glich. Bei Bekanntwerden von entsprechenden Rechtsverletzungen werden wir diese Inhalte umgehend entfernen.<\/p><h4 id=\"haftung-fur-links\">Haftung f\u00fcr Links<\/h4><p>Unser Angebot enth\u00e4lt Links zu externen Webseiten Dritter, auf deren Inhalte wir keinen Einfluss haben. Deshalb k\u00f6nnen wir f\u00fcr diese fremden Inhalte auch keine Gew\u00e4hr \u00fcbernehmen. F\u00fcr die Inhalte der verlinkten Seiten ist stets der jeweilige Anbieter oder Betreiber der Seiten verantwortlich. Die verlinkten Seiten wurden zum Zeitpunkt der Verlinkung auf m\u00f6gliche Rechtsverst\u00f6\u00dfe \u00fcberpr\u00fcft. Rechtswidrige Inhalte waren zum Zeitpunkt der Verlinkung nicht erkennbar.<\/p><p>Eine permanente inhaltliche Kontrolle der verlinkten Seiten ist jedoch ohne konkrete Anhaltspunkte einer Rechtsverletzung nicht zumutbar. Bei Bekanntwerden von Rechtsverletzungen werden wir derartige Links umgehend entfernen.<\/p><h4 id=\"urheberrecht\">Urheberrecht<\/h4><p>Die durch die Seitenbetreiber erstellten Inhalte und Werke auf diesen Seiten unterliegen dem deutschen Urheberrecht. Die Vervielf\u00e4ltigung, Bearbeitung, Verbreitung und jede Art der Verwertung au\u00dferhalb der Grenzen des Urheberrechtes bed\u00fcrfen der schriftlichen Zustimmung des jeweiligen Autors bzw. Erstellers. Downloads und Kopien dieser Seite sind nur f\u00fcr den privaten, nicht kommerziellen Gebrauch gestattet.<\/p><p>Soweit die Inhalte auf dieser Seite nicht vom Betreiber erstellt wurden, werden die Urheberrechte Dritter beachtet. Insbesondere werden Inhalte Dritter als solche gekennzeichnet. Sollten Sie trotzdem auf eine Urheberrechtsverletzung aufmerksam werden, bitten wir um einen entsprechenden Hinweis. Bei Bekanntwerden von Rechtsverletzungen werden wir derartige Inhalte umgehend entfernen.<\/p><h2 id=\"datenschutzerklarung\">Datenschutzerkl\u00e4rung<\/h2><h3 id=\"1-datenschutz-auf-einen-blick\">1. Datenschutz auf einen Blick<\/h3><h4 id=\"allgemeine-hinweise\">Allgemeine Hinweise<\/h4><p>Die folgenden Hinweise geben einen einfachen \u00dcberblick dar\u00fcber, was mit Ihren personenbezogenen Daten passiert, wenn Sie unsere Website besuchen. Personenbezogene Daten sind alle Daten, mit denen Sie pers\u00f6nlich identifiziert werden k\u00f6nnen. Ausf\u00fchrliche Informationen zum Thema Datenschutz entnehmen Sie unserer unter diesem Text aufgef\u00fchrten Datenschutzerkl\u00e4rung.<\/p><h4 id=\"datenerfassung-auf-unserer-website\">Datenerfassung auf unserer Website<\/h4><p><strong>Wer ist verantwortlich f\u00fcr die Datenerfassung auf dieser Website?<\/strong><\/p><p>Die Datenverarbeitung auf dieser Website erfolgt durch den Websitebetreiber. Dessen Kontaktdaten k\u00f6nnen Sie dem Impressum dieser Website entnehmen.<\/p><p><strong>Wie erfassen wir Ihre Daten?<\/strong><\/p><p>Ihre Daten werden zum einen dadurch erhoben, dass Sie uns diese mitteilen. Hierbei kann es sich z.B. um Daten handeln, die Sie in ein Kontaktformular eingeben.<\/p><p>Andere Daten werden automatisch beim Besuch der Website durch unsere IT-Systeme erfasst. Das sind vor allem technische Daten (z.B. Internetbrowser, Betriebssystem oder Uhrzeit des Seitenaufrufs). Die Erfassung dieser Daten erfolgt automatisch, sobald Sie unsere Website betreten.<\/p><p><strong>Wof\u00fcr nutzen wir Ihre Daten?<\/strong><\/p><p>Ein Teil der Daten wird erhoben, um eine fehlerfreie Bereitstellung der Website zu gew\u00e4hrleisten. Andere Daten k\u00f6nnen zur Analyse Ihres Nutzerverhaltens verwendet werden.<\/p><p><strong>Welche Rechte haben Sie bez\u00fcglich Ihrer Daten?<\/strong><\/p><p>Sie haben jederzeit das Recht unentgeltlich Auskunft \u00fcber Herkunft, Empf\u00e4nger und Zweck Ihrer gespeicherten personenbezogenen Daten zu erhalten. Sie haben au\u00dferdem ein Recht, die Berichtigung, Sperrung oder L\u00f6schung dieser Daten zu verlangen. Hierzu sowie zu weiteren Fragen zum Thema Datenschutz k\u00f6nnen Sie sich jederzeit unter der im Impressum angegebenen Adresse an uns wenden. Des Weiteren steht Ihnen ein Beschwerderecht bei der zust\u00e4ndigen Aufsichtsbeh\u00f6rde zu.<\/p><h4 id=\"analyse-tools-und-tools-von-drittanbietern\">Analyse-Tools und Tools von Drittanbietern<\/h4><p>Beim Besuch unserer Website kann Ihr Surf-Verhalten statistisch ausgewertet werden. Das geschieht vor allem mit Cookies und mit sogenannten Analyseprogrammen. Die Analyse Ihres Surf-Verhaltens erfolgt in der Regel anonym; das Surf-Verhalten kann nicht zu Ihnen zur\u00fcckverfolgt werden. Sie k\u00f6nnen dieser Analyse widersprechen oder sie durch die Nichtbenutzung bestimmter Tools verhindern. Detaillierte Informationen dazu finden Sie in der folgenden Datenschutzerkl\u00e4rung.<\/p><p>Sie k\u00f6nnen dieser Analyse widersprechen. \u00dcber die Widerspruchsm\u00f6glichkeiten werden wir Sie in dieser Datenschutzerkl\u00e4rung informieren.<\/p><h3 id=\"2-allgemeine-hinweise-und-pflichtinformationen\">2. Allgemeine Hinweise und Pflichtinformationen<\/h3><h4 id=\"datenschutz\">Privacy<\/h4><p>Die Betreiber dieser Seiten nehmen den Schutz Ihrer pers\u00f6nlichen Daten sehr ernst. Wir behandeln Ihre personenbezogenen Daten vertraulich und entsprechend der gesetzlichen Datenschutzvorschriften sowie dieser Datenschutzerkl\u00e4rung.<\/p><p>Wenn Sie diese Website benutzen, werden verschiedene personenbezogene Daten erhoben. Personenbezogene Daten sind Daten, mit denen Sie pers\u00f6nlich identifiziert werden k\u00f6nnen. Die vorliegende Datenschutzerkl\u00e4rung erl\u00e4utert, welche Daten wir erheben und wof\u00fcr wir sie nutzen. Sie erl\u00e4utert auch, wie und zu welchem Zweck das geschieht.<\/p><p>Wir weisen darauf hin, dass die Daten\u00fcbertragung im Internet (z.B. bei der Kommunikation per E-Mail) Sicherheitsl\u00fccken aufweisen kann. Ein l\u00fcckenloser Schutz der Daten vor dem Zugriff durch Dritte ist nicht m\u00f6glich.<\/p><h4 id=\"hinweis-zur-verantwortlichen-stelle\">Hinweis zur verantwortlichen Stelle<\/h4><p>Die verantwortliche Stelle f\u00fcr die Datenverarbeitung auf dieser Website ist:<\/p><p>Stefan Vetter<br \/>Neuweg 2<br \/>97753 Gambach, Bavaria, Germany<\/p><p>Verantwortliche Stelle ist die nat\u00fcrliche oder juristische Person, die allein oder gemeinsam mit anderen \u00fcber die Zwecke und Mittel der Verarbeitung von personenbezogenen Daten (z.B. Namen, E-Mail-Adressen o. \u00c4.) entscheidet.<\/p><h4 id=\"widerruf-ihrer-einwilligung-zur-datenverarbeitung\">Widerruf Ihrer Einwilligung zur Datenverarbeitung<\/h4><p>Viele Datenverarbeitungsvorg\u00e4nge sind nur mit Ihrer ausdr\u00fccklichen Einwilligung m\u00f6glich. Sie k\u00f6nnen eine bereits erteilte Einwilligung jederzeit widerrufen. Dazu reicht eine formlose Mitteilung per E-Mail an uns. Die Rechtm\u00e4\u00dfigkeit der bis zum Widerruf erfolgten Datenverarbeitung bleibt vom Widerruf unber\u00fchrt.<\/p><h4 id=\"beschwerderecht-bei-der-zustandigen-aufsichtsbehorde\">Beschwerderecht bei der zust\u00e4ndigen Aufsichtsbeh\u00f6rde<\/h4><p>Im Falle datenschutzrechtlicher Verst\u00f6\u00dfe steht dem Betroffenen ein Beschwerderecht bei der zust\u00e4ndigen Aufsichtsbeh\u00f6rde zu. Zust\u00e4ndige Aufsichtsbeh\u00f6rde in datenschutzrechtlichen Fragen ist der Landesdatenschutzbeauftragte des Bundeslandes, in dem unser Unternehmen seinen Sitz hat. Eine Liste der Datenschutzbeauftragten sowie deren Kontaktdaten k\u00f6nnen folgendem Link entnommen werden:\u00a0<a href=\"https:\/\/www.bfdi.bund.de\/DE\/Infothek\/Anschriften_Links\/anschriften_links-node.html\" target=\"_blank\" rel=\"noreferrer noopener\">https:\/\/www.bfdi.bund.de\/DE\/Infothek\/Anschriften_Links\/anschriften_links-node.html<\/a>.<\/p><h4 id=\"recht-auf-datenubertragbarkeit\">Recht auf Daten\u00fcbertragbarkeit<\/h4><p>Sie haben das Recht, Daten, die wir auf Grundlage Ihrer Einwilligung oder in Erf\u00fcllung eines Vertrags automatisiert verarbeiten, an sich oder an einen Dritten in einem g\u00e4ngigen, maschinenlesbaren Format aush\u00e4ndigen zu lassen. Sofern Sie die direkte \u00dcbertragung der Daten an einen anderen Verantwortlichen verlangen, erfolgt dies nur, soweit es technisch machbar ist.<\/p><h4 id=\"auskunft-sperrung-loschung\">Auskunft, Sperrung, L\u00f6schung<\/h4><p>Sie haben im Rahmen der geltenden gesetzlichen Bestimmungen jederzeit das Recht auf unentgeltliche Auskunft \u00fcber Ihre gespeicherten personenbezogenen Daten, deren Herkunft und Empf\u00e4nger und den Zweck der Datenverarbeitung und ggf. ein Recht auf Berichtigung, Sperrung oder L\u00f6schung dieser Daten. Hierzu sowie zu weiteren Fragen zum Thema personenbezogene Daten k\u00f6nnen Sie sich jederzeit unter der im Impressum angegebenen Adresse an uns wenden.<\/p><h3 id=\"3-datenerfassung-auf-unserer-website\">3. Datenerfassung auf unserer Website<\/h3><h4 id=\"cookies\">Cookies<\/h4><p>Die Internetseiten verwenden teilweise so genannte Cookies. Cookies richten auf Ihrem Rechner keinen Schaden an und enthalten keine Viren. Cookies dienen dazu, unser Angebot nutzerfreundlicher, effektiver und sicherer zu machen. Cookies sind kleine Textdateien, die auf Ihrem Rechner abgelegt werden und die Ihr Browser speichert.<\/p><p>Die meisten der von uns verwendeten Cookies sind so genannte \u201cSession-Cookies\u201d. Sie werden nach Ende Ihres Besuchs automatisch gel\u00f6scht. Andere Cookies bleiben auf Ihrem Endger\u00e4t gespeichert bis Sie diese l\u00f6schen. Diese Cookies erm\u00f6glichen es uns, Ihren Browser beim n\u00e4chsten Besuch wiederzuerkennen.<\/p><p>Sie k\u00f6nnen Ihren Browser so einstellen, dass Sie \u00fcber das Setzen von Cookies informiert werden und Cookies nur im Einzelfall erlauben, die Annahme von Cookies f\u00fcr bestimmte F\u00e4lle oder generell ausschlie\u00dfen sowie das automatische L\u00f6schen der Cookies beim Schlie\u00dfen des Browser aktivieren. Bei der Deaktivierung von Cookies kann die Funktionalit\u00e4t dieser Website eingeschr\u00e4nkt sein.<\/p><p>Cookies, die zur Durchf\u00fchrung des elektronischen Kommunikationsvorgangs oder zur Bereitstellung bestimmter, von Ihnen erw\u00fcnschter Funktionen (z.B. Warenkorbfunktion) erforderlich sind, werden auf Grundlage von Art. 6 Abs. 1 lit. f DSGVO gespeichert. Der Websitebetreiber hat ein berechtigtes Interesse an der Speicherung von Cookies zur technisch fehlerfreien und optimierten Bereitstellung seiner Dienste. Soweit andere Cookies (z.B. Cookies zur Analyse Ihres Surfverhaltens) gespeichert werden, werden diese in dieser Datenschutzerkl\u00e4rung gesondert behandelt.<\/p><h4 id=\"server-log-dateien\">Server-Log-Dateien<\/h4><p>Der Provider der Seiten erhebt und speichert automatisch Informationen in so genannten Server-Log-Dateien, die Ihr Browser automatisch an uns \u00fcbermittelt. Dies sind:<\/p><ul><li>Browsertyp und Browserversion<\/li><li>verwendetes Betriebssystem<\/li><li>Referrer URL<\/li><li>Hostname des zugreifenden Rechners<\/li><li>Uhrzeit der Serveranfrage<\/li><li>IP-Adresse<\/li><\/ul><p>Eine Zusammenf\u00fchrung dieser Daten mit anderen Datenquellen wird nicht vorgenommen.<\/p><p>Grundlage f\u00fcr die Datenverarbeitung ist Art. 6 Abs. 1 lit. f DSGVO, der die Verarbeitung von Daten zur Erf\u00fcllung eines Vertrags oder vorvertraglicher Ma\u00dfnahmen gestattet.<\/p><h3 id=\"4-plugins-und-tools\">4. Plugins und Tools<\/h3><h4 id=\"google-web-fonts\">Google Web Fonts<\/h4><p>Diese Seite nutzt zur einheitlichen Darstellung von Schriftarten so genannte Web Fonts, die von Google bereitgestellt werden. Beim Aufruf einer Seite l\u00e4dt Ihr Browser die ben\u00f6tigten Web Fonts in ihren Browsercache, um Texte und Schriftarten korrekt anzuzeigen.<\/p><p>Zu diesem Zweck muss der von Ihnen verwendete Browser Verbindung zu den Servern von Google aufnehmen. Hierdurch erlangt Google Kenntnis dar\u00fcber, dass \u00fcber Ihre IP-Adresse unsere Website aufgerufen wurde. Die Nutzung von Google Web Fonts erfolgt im Interesse einer einheitlichen und ansprechenden Darstellung unserer Online-Angebote. Dies stellt ein berechtigtes Interesse im Sinne von Art. 6 Abs. 1 lit. f DSGVO dar.<\/p><p>Wenn Ihr Browser Web Fonts nicht unterst\u00fctzt, wird eine Standardschrift von Ihrem Computer genutzt.<\/p><p>Weitere Informationen zu Google Web Fonts finden Sie unter\u00a0<a href=\"https:\/\/developers.google.com\/fonts\/faq\" target=\"_blank\" rel=\"noreferrer noopener\">https:\/\/developers.google.com\/fonts\/faq<\/a>\u00a0und in der Datenschutzerkl\u00e4rung von Google:\u00a0<a href=\"https:\/\/www.google.com\/policies\/privacy\/\" target=\"_blank\" rel=\"noreferrer noopener\">https:\/\/www.google.com\/policies\/privacy\/<\/a>.<\/p>\t\t\t\t\t\t<\/div>\n\t\t\t\t<\/div>\n\t\t\t\t\t<\/div>\n\t\t<\/div>\n\t\t\t\t\t\t\t<\/div>\n\t\t<\/section>\n\t\t\t\t<section class=\"elementor-section elementor-top-section elementor-element elementor-element-3b2cbd0 elementor-section-stretched elementor-section-boxed elementor-section-height-default elementor-section-height-default\" data-id=\"3b2cbd0\" data-element_type=\"section\" data-settings=\"{&quot;stretch_section&quot;:&quot;section-stretched&quot;,&quot;background_background&quot;:&quot;classic&quot;}\">\n\t\t\t\t\t\t<div class=\"elementor-container elementor-column-gap-default\">\n\t\t\t\t\t<div class=\"elementor-column elementor-col-100 elementor-top-column elementor-element elementor-element-c4e40a3\" data-id=\"c4e40a3\" data-element_type=\"column\">\n\t\t\t<div class=\"elementor-widget-wrap elementor-element-populated\">\n\t\t\t\t\t\t\t\t<section class=\"elementor-section elementor-inner-section elementor-element elementor-element-d2c1df5 elementor-section-boxed elementor-section-height-default elementor-section-height-default elementor-invisible\" data-id=\"d2c1df5\" data-element_type=\"section\" data-settings=\"{&quot;animation&quot;:&quot;fadeInUp&quot;}\">\n\t\t\t\t\t\t<div class=\"elementor-container elementor-column-gap-default\">\n\t\t\t\t\t<div class=\"elementor-column elementor-col-33 elementor-inner-column elementor-element elementor-element-8fcdfa8\" data-id=\"8fcdfa8\" data-element_type=\"column\">\n\t\t\t<div class=\"elementor-widget-wrap elementor-element-populated\">\n\t\t\t\t\t\t\t\t<div class=\"elementor-element elementor-element-00a7f2c elementor-align-justify elementor-widget elementor-widget-button\" data-id=\"00a7f2c\" data-element_type=\"widget\" data-settings=\"{&quot;_animation&quot;:&quot;none&quot;}\" data-widget_type=\"button.default\">\n\t\t\t\t<div class=\"elementor-widget-container\">\n\t\t\t\t\t<div class=\"elementor-button-wrapper\">\n\t\t\t<a href=\"https:\/\/www.vetter-wein.de\/eng\/relaunch\/wordpress\/keller-hof\/\" class=\"elementor-button-link elementor-button elementor-size-sm\" role=\"button\">\n\t\t\t\t\t\t<span class=\"elementor-button-content-wrapper\">\n\t\t\t\t\t\t<span class=\"elementor-button-text\">Cellar &amp; Yard<\/span>\n\t\t<\/span>\n\t\t\t\t\t<\/a>\n\t\t<\/div>\n\t\t\t\t<\/div>\n\t\t\t\t<\/div>\n\t\t\t\t\t<\/div>\n\t\t<\/div>\n\t\t\t\t<div class=\"elementor-column elementor-col-33 elementor-inner-column elementor-element elementor-element-f948104\" data-id=\"f948104\" data-element_type=\"column\">\n\t\t\t<div class=\"elementor-widget-wrap elementor-element-populated\">\n\t\t\t\t\t\t\t\t<div class=\"elementor-element elementor-element-3545875 elementor-align-justify elementor-widget elementor-widget-button\" data-id=\"3545875\" data-element_type=\"widget\" data-settings=\"{&quot;_animation&quot;:&quot;none&quot;}\" data-widget_type=\"button.default\">\n\t\t\t\t<div class=\"elementor-widget-container\">\n\t\t\t\t\t<div class=\"elementor-button-wrapper\">\n\t\t\t<a href=\"https:\/\/www.vetter-wein.de\/eng\/relaunch\/wordpress\/weinlagen\/\" class=\"elementor-button-link elementor-button elementor-size-sm\" role=\"button\">\n\t\t\t\t\t\t<span class=\"elementor-button-content-wrapper\">\n\t\t\t\t\t\t<span class=\"elementor-button-text\">Vineyards<\/span>\n\t\t<\/span>\n\t\t\t\t\t<\/a>\n\t\t<\/div>\n\t\t\t\t<\/div>\n\t\t\t\t<\/div>\n\t\t\t\t\t<\/div>\n\t\t<\/div>\n\t\t\t\t<div class=\"elementor-column elementor-col-33 elementor-inner-column elementor-element elementor-element-bcc8a67\" data-id=\"bcc8a67\" data-element_type=\"column\">\n\t\t\t<div class=\"elementor-widget-wrap elementor-element-populated\">\n\t\t\t\t\t\t\t\t<div class=\"elementor-element elementor-element-5c784ba elementor-align-justify elementor-widget elementor-widget-button\" data-id=\"5c784ba\" data-element_type=\"widget\" data-settings=\"{&quot;_animation&quot;:&quot;none&quot;}\" data-widget_type=\"button.default\">\n\t\t\t\t<div class=\"elementor-widget-container\">\n\t\t\t\t\t<div class=\"elementor-button-wrapper\">\n\t\t\t<a href=\"https:\/\/www.vetter-wein.de\/eng\/relaunch\/wordpress\/weine\/\" class=\"elementor-button-link elementor-button elementor-size-sm\" role=\"button\">\n\t\t\t\t\t\t<span class=\"elementor-button-content-wrapper\">\n\t\t\t\t\t\t<span class=\"elementor-button-text\">Wine<\/span>\n\t\t<\/span>\n\t\t\t\t\t<\/a>\n\t\t<\/div>\n\t\t\t\t<\/div>\n\t\t\t\t<\/div>\n\t\t\t\t\t<\/div>\n\t\t<\/div>\n\t\t\t\t\t\t\t<\/div>\n\t\t<\/section>\n\t\t\t\t\t<\/div>\n\t\t<\/div>\n\t\t\t\t\t\t\t<\/div>\n\t\t<\/section>\n\t\t\t\t<section class=\"elementor-section elementor-top-section elementor-element elementor-element-8e30849 elementor-section-stretched elementor-section-full_width elementor-section-height-default elementor-section-height-default\" data-id=\"8e30849\" data-element_type=\"section\" id=\"footer-block\" data-settings=\"{&quot;stretch_section&quot;:&quot;section-stretched&quot;,&quot;background_background&quot;:&quot;classic&quot;}\">\n\t\t\t\t\t\t<div class=\"elementor-container elementor-column-gap-default\">\n\t\t\t\t\t<div class=\"elementor-column elementor-col-50 elementor-top-column elementor-element elementor-element-7a075ee\" data-id=\"7a075ee\" data-element_type=\"column\">\n\t\t\t<div class=\"elementor-widget-wrap elementor-element-populated\">\n\t\t\t\t\t\t\t\t<section class=\"elementor-section elementor-inner-section elementor-element elementor-element-7fb9aaa elementor-section-boxed elementor-section-height-default elementor-section-height-default\" data-id=\"7fb9aaa\" data-element_type=\"section\">\n\t\t\t\t\t\t<div class=\"elementor-container elementor-column-gap-default\">\n\t\t\t\t\t<div class=\"elementor-column elementor-col-50 elementor-inner-column elementor-element elementor-element-ee5402d\" data-id=\"ee5402d\" data-element_type=\"column\">\n\t\t\t<div class=\"elementor-widget-wrap elementor-element-populated\">\n\t\t\t\t\t\t\t\t<div class=\"elementor-element elementor-element-5cc3f9d elementor-widget elementor-widget-image\" data-id=\"5cc3f9d\" data-element_type=\"widget\" data-widget_type=\"image.default\">\n\t\t\t\t<div class=\"elementor-widget-container\">\n\t\t\t\t\t\t\t\t\t\t\t\t\t\t\t<img loading=\"lazy\" decoding=\"async\" width=\"46\" height=\"32\" src=\"https:\/\/www.vetter-wein.de\/wordpress\/wp-content\/uploads\/2023\/02\/Bildschirm\u00adfoto-2023-02-22-um-10.02.27.png\" class=\"attachment-large size-large wp-image-673\" alt=\"\" \/>\t\t\t\t\t\t\t\t\t\t\t\t\t\t\t<\/div>\n\t\t\t\t<\/div>\n\t\t\t\t\t<\/div>\n\t\t<\/div>\n\t\t\t\t<div class=\"elementor-column elementor-col-50 elementor-inner-column elementor-element elementor-element-9ab80cd\" data-id=\"9ab80cd\" data-element_type=\"column\">\n\t\t\t<div class=\"elementor-widget-wrap elementor-element-populated\">\n\t\t\t\t\t\t\t\t<div class=\"elementor-element elementor-element-9c345e3 elementor-widget elementor-widget-text-editor\" data-id=\"9c345e3\" data-element_type=\"widget\" data-widget_type=\"text-editor.default\">\n\t\t\t\t<div class=\"elementor-widget-container\">\n\t\t\t\t\t\t\t<p>biologically certified viticulture in the nature reserve<\/p>\t\t\t\t\t\t<\/div>\n\t\t\t\t<\/div>\n\t\t\t\t\t<\/div>\n\t\t<\/div>\n\t\t\t\t\t\t\t<\/div>\n\t\t<\/section>\n\t\t\t\t<section class=\"elementor-section elementor-inner-section elementor-element elementor-element-05c5c32 elementor-section-boxed elementor-section-height-default elementor-section-height-default\" data-id=\"05c5c32\" data-element_type=\"section\">\n\t\t\t\t\t\t<div class=\"elementor-container elementor-column-gap-default\">\n\t\t\t\t\t<div class=\"elementor-column elementor-col-50 elementor-inner-column elementor-element elementor-element-8e6eeda\" data-id=\"8e6eeda\" data-element_type=\"column\">\n\t\t\t<div class=\"elementor-widget-wrap elementor-element-populated\">\n\t\t\t\t\t\t\t\t<div class=\"elementor-element elementor-element-5ff81ba elementor-widget elementor-widget-image\" data-id=\"5ff81ba\" data-element_type=\"widget\" data-widget_type=\"image.default\">\n\t\t\t\t<div class=\"elementor-widget-container\">\n\t\t\t\t\t\t\t\t\t\t\t\t\t\t\t<img loading=\"lazy\" decoding=\"async\" width=\"46\" height=\"30\" src=\"https:\/\/www.vetter-wein.de\/wordpress\/wp-content\/uploads\/2023\/03\/Bildschirm\u00adfoto-2023-02-22-um-10.02.34.png\" class=\"attachment-large size-large wp-image-831\" alt=\"\" \/>\t\t\t\t\t\t\t\t\t\t\t\t\t\t\t<\/div>\n\t\t\t\t<\/div>\n\t\t\t\t\t<\/div>\n\t\t<\/div>\n\t\t\t\t<div class=\"elementor-column elementor-col-50 elementor-inner-column elementor-element elementor-element-b0bbd8c\" data-id=\"b0bbd8c\" data-element_type=\"column\">\n\t\t\t<div class=\"elementor-widget-wrap elementor-element-populated\">\n\t\t\t\t\t\t\t\t<div class=\"elementor-element elementor-element-949a00f elementor-widget elementor-widget-text-editor\" data-id=\"949a00f\" data-element_type=\"widget\" data-widget_type=\"text-editor.default\">\n\t\t\t\t<div class=\"elementor-widget-container\">\n\t\t\t\t\t\t\t<p>EU funding (EAFRD)<\/p>\t\t\t\t\t\t<\/div>\n\t\t\t\t<\/div>\n\t\t\t\t\t<\/div>\n\t\t<\/div>\n\t\t\t\t\t\t\t<\/div>\n\t\t<\/section>\n\t\t\t\t<div class=\"elementor-element elementor-element-1205bdf elementor-widget elementor-widget-image\" data-id=\"1205bdf\" data-element_type=\"widget\" data-widget_type=\"image.default\">\n\t\t\t\t<div class=\"elementor-widget-container\">\n\t\t\t\t\t\t\t\t\t\t\t\t\t\t\t<img loading=\"lazy\" decoding=\"async\" width=\"598\" height=\"211\" src=\"https:\/\/www.vetter-wein.de\/wordpress\/wp-content\/uploads\/2023\/02\/LOGO_Vetter_2023_white-Kopie.png\" class=\"attachment-full size-full wp-image-629\" alt=\"\" srcset=\"https:\/\/www.vetter-wein.de\/wordpress\/wp-content\/uploads\/2023\/02\/LOGO_Vetter_2023_white-Kopie.png 598w, https:\/\/www.vetter-wein.de\/wordpress\/wp-content\/uploads\/2023\/02\/LOGO_Vetter_2023_white-Kopie-300x106.png 300w, https:\/\/www.vetter-wein.de\/wordpress\/wp-content\/uploads\/2023\/02\/LOGO_Vetter_2023_white-Kopie-100x35.png 100w, https:\/\/www.vetter-wein.de\/wordpress\/wp-content\/uploads\/2023\/02\/LOGO_Vetter_2023_white-Kopie-150x53.png 150w, https:\/\/www.vetter-wein.de\/wordpress\/wp-content\/uploads\/2023\/02\/LOGO_Vetter_2023_white-Kopie-200x71.png 200w, https:\/\/www.vetter-wein.de\/wordpress\/wp-content\/uploads\/2023\/02\/LOGO_Vetter_2023_white-Kopie-450x159.png 450w\" sizes=\"auto, (max-width: 598px) 100vw, 598px\" \/>\t\t\t\t\t\t\t\t\t\t\t\t\t\t\t<\/div>\n\t\t\t\t<\/div>\n\t\t\t\t\t<\/div>\n\t\t<\/div>\n\t\t\t\t<div class=\"elementor-column elementor-col-50 elementor-top-column elementor-element elementor-element-5da8cb4\" data-id=\"5da8cb4\" data-element_type=\"column\">\n\t\t\t<div class=\"elementor-widget-wrap elementor-element-populated\">\n\t\t\t\t\t\t\t\t<div class=\"elementor-element elementor-element-9477ba1 elementor-icon-list--layout-inline elementor-list-item-link-full_width elementor-widget elementor-widget-icon-list\" data-id=\"9477ba1\" data-element_type=\"widget\" data-widget_type=\"icon-list.default\">\n\t\t\t\t<div class=\"elementor-widget-container\">\n\t\t\t<link rel=\"stylesheet\" href=\"https:\/\/www.vetter-wein.de\/wordpress\/wp-content\/plugins\/elementor\/assets\/css\/widget-icon-list.min.css\">\t\t<ul class=\"elementor-icon-list-items elementor-inline-items\">\n\t\t\t\t\t\t\t<li class=\"elementor-icon-list-item elementor-inline-item\">\n\t\t\t\t\t\t\t\t\t\t\t<a href=\"https:\/\/www.vetter-wein.de\/eng\/impressum\/\">\n\n\t\t\t\t\t\t\t\t\t\t\t<span class=\"elementor-icon-list-text\">Imprint<\/span>\n\t\t\t\t\t\t\t\t\t\t\t<\/a>\n\t\t\t\t\t\t\t\t\t<\/li>\n\t\t\t\t\t\t\t\t<li class=\"elementor-icon-list-item elementor-inline-item\">\n\t\t\t\t\t\t\t\t\t\t\t<a href=\"https:\/\/www.vetter-wein.de\/eng\/datenschutz\/\">\n\n\t\t\t\t\t\t\t\t\t\t\t<span class=\"elementor-icon-list-text\">Privacy<\/span>\n\t\t\t\t\t\t\t\t\t\t\t<\/a>\n\t\t\t\t\t\t\t\t\t<\/li>\n\t\t\t\t\t\t\t\t<li class=\"elementor-icon-list-item elementor-inline-item\">\n\t\t\t\t\t\t\t\t\t\t\t<a href=\"https:\/\/www.instagram.com\/vetter_wein\/\">\n\n\t\t\t\t\t\t\t\t\t\t\t\t<span class=\"elementor-icon-list-icon\">\n\t\t\t\t\t\t\t<i aria-hidden=\"true\" class=\"fab fa-instagram\"><\/i>\t\t\t\t\t\t<\/span>\n\t\t\t\t\t\t\t\t\t\t<span class=\"elementor-icon-list-text\">Follow us<\/span>\n\t\t\t\t\t\t\t\t\t\t\t<\/a>\n\t\t\t\t\t\t\t\t\t<\/li>\n\t\t\t\t\t\t<\/ul>\n\t\t\t\t<\/div>\n\t\t\t\t<\/div>\n\t\t\t\t<div class=\"elementor-element elementor-element-6fa5827 elementor-widget elementor-widget-spacer\" data-id=\"6fa5827\" data-element_type=\"widget\" data-widget_type=\"spacer.default\">\n\t\t\t\t<div class=\"elementor-widget-container\">\n\t\t\t<style>\/*! elementor - v3.11.2 - 22-02-2023 *\/\n.elementor-column .elementor-spacer-inner{height:var(--spacer-size)}.e-con{--container-widget-width:100%}.e-con-inner>.elementor-widget-spacer,.e-con>.elementor-widget-spacer{width:var(--container-widget-width,var(--spacer-size));--align-self:var(--container-widget-align-self,initial);--flex-shrink:0}.e-con-inner>.elementor-widget-spacer>.elementor-widget-container,.e-con-inner>.elementor-widget-spacer>.elementor-widget-container>.elementor-spacer,.e-con>.elementor-widget-spacer>.elementor-widget-container,.e-con>.elementor-widget-spacer>.elementor-widget-container>.elementor-spacer{height:100%}.e-con-inner>.elementor-widget-spacer>.elementor-widget-container>.elementor-spacer>.elementor-spacer-inner,.e-con>.elementor-widget-spacer>.elementor-widget-container>.elementor-spacer>.elementor-spacer-inner{height:var(--container-widget-height,var(--spacer-size))}<\/style>\t\t<div class=\"elementor-spacer\">\n\t\t\t<div class=\"elementor-spacer-inner\"><\/div>\n\t\t<\/div>\n\t\t\t\t<\/div>\n\t\t\t\t<\/div>\n\t\t\t\t<section class=\"elementor-section elementor-inner-section elementor-element elementor-element-3440ffd elementor-section-boxed elementor-section-height-default elementor-section-height-default\" data-id=\"3440ffd\" data-element_type=\"section\">\n\t\t\t\t\t\t<div class=\"elementor-container elementor-column-gap-default\">\n\t\t\t\t\t<div class=\"elementor-column elementor-col-50 elementor-inner-column elementor-element elementor-element-6193ee7\" data-id=\"6193ee7\" data-element_type=\"column\">\n\t\t\t<div class=\"elementor-widget-wrap elementor-element-populated\">\n\t\t\t\t\t\t\t\t<div class=\"elementor-element elementor-element-324ec9f elementor-widget elementor-widget-text-editor\" data-id=\"324ec9f\" data-element_type=\"widget\" data-widget_type=\"text-editor.default\">\n\t\t\t\t<div class=\"elementor-widget-container\">\n\t\t\t\t\t\t\t<p>Katja &amp; Stefan Vetter<br \/>Neuweg 2<br \/>97753 Gambach, Bavaria, Germany<\/p>\t\t\t\t\t\t<\/div>\n\t\t\t\t<\/div>\n\t\t\t\t\t<\/div>\n\t\t<\/div>\n\t\t\t\t<div class=\"elementor-column elementor-col-50 elementor-inner-column elementor-element elementor-element-d5d4378\" data-id=\"d5d4378\" data-element_type=\"column\">\n\t\t\t<div class=\"elementor-widget-wrap elementor-element-populated\">\n\t\t\t\t\t\t\t\t<div class=\"elementor-element elementor-element-da074a0 elementor-widget elementor-widget-text-editor\" data-id=\"da074a0\" data-element_type=\"widget\" data-widget_type=\"text-editor.default\">\n\t\t\t\t<div class=\"elementor-widget-container\">\n\t\t\t\t\t\t\tPhone +49 (0)9353 \/ 9843 505<br\/>\n<a href=\"mailto:post@vetter-wein.de\">post@vetter-wein.de<\/a>\t\t\t\t\t\t<\/div>\n\t\t\t\t<\/div>\n\t\t\t\t\t<\/div>\n\t\t<\/div>\n\t\t\t\t\t\t\t<\/div>\n\t\t<\/section>\n\t\t\t\t\t<\/div>\n\t\t<\/div>\n\t\t\t\t\t\t\t<\/div>\n\t\t<\/section>\n\t\t\t\t\t\t\t<\/div>","protected":false},"excerpt":{"rendered":"<p>Datenschutz Angaben gem\u00e4\u00df \u00a7 5 TMG: Stefan VetterNeuweg 297753 Gambach USt-IdNr.: \u00a0DE243596159 Kontakt: Telefon: 09353 \/ 98 43 505 Mobil: 0160 \/\u00a020 30 448 E-Mail: post@vetter-wein.de Fotos Titelfoto GK: Holger Riegel Alle Anderen: Cornelius B\u00f6nsch Haftungsausschluss (Disclaimer) Haftung f\u00fcr Inhalte &hellip;<\/p>\n<p class=\"read-more\"> <a class=\"more-link\" href=\"https:\/\/www.vetter-wein.de\/eng\/datenschutz\/\"> <span class=\"screen-reader-text\">Privacy<\/span> Read More &raquo;<\/a><\/p>","protected":false},"author":1,"featured_media":0,"parent":0,"menu_order":0,"comment_status":"closed","ping_status":"closed","template":"elementor_header_footer","meta":{"footnotes":""},"class_list":["post-1073","page","type-page","status-publish","hentry"],"yoast_head":"<!-- This site is optimized with the Yoast SEO plugin v20.4 - https:\/\/yoast.com\/wordpress\/plugins\/seo\/ -->\n<title>Datenschutz - Stefan Vetter - Naturweingut in Gambach Franken<\/title>\n<meta name=\"description\" content=\"Naturweingut in Gambach Franken, spezialisiert auf aus alten Reben gekelterten, spontanvergorenen und naturbelassenen Wei\u00dfweinen, Rotweinen sowie auch Cidre\" \/>\n<meta name=\"robots\" content=\"index, follow, max-snippet:-1, max-image-preview:large, max-video-preview:-1\" \/>\n<link rel=\"canonical\" href=\"https:\/\/www.vetter-wein.de\/eng\/datenschutz\/\" \/>\n<meta property=\"og:locale\" content=\"en_US\" \/>\n<meta property=\"og:type\" content=\"article\" \/>\n<meta property=\"og:title\" content=\"Datenschutz - Stefan Vetter - Naturweingut in Gambach Franken\" \/>\n<meta property=\"og:description\" content=\"Naturweingut in Gambach Franken, spezialisiert auf aus alten Reben gekelterten, spontanvergorenen und naturbelassenen Wei\u00dfweinen, Rotweinen sowie auch Cidre\" \/>\n<meta property=\"og:url\" content=\"https:\/\/www.vetter-wein.de\/eng\/datenschutz\/\" \/>\n<meta property=\"og:site_name\" content=\"Stefan Vetter - Naturweingut in Gambach Franken\" \/>\n<meta property=\"article:modified_time\" content=\"2023-03-31T10:49:35+00:00\" \/>\n<meta property=\"og:image\" content=\"https:\/\/www.vetter-wein.de\/wordpress\/wp-content\/uploads\/elementor\/thumbs\/LOGO_Vetter_2023_white-Kopie-q2u9wma7xtmw40x7g1ghghczdad3tpsnii3tq5ejew.png\" \/>\n<meta name=\"twitter:card\" content=\"summary_large_image\" \/>\n<meta name=\"twitter:label1\" content=\"Est. reading time\" \/>\n\t<meta name=\"twitter:data1\" content=\"10 minutes\" \/>\n<script type=\"application\/ld+json\" class=\"yoast-schema-graph\">{\"@context\":\"https:\/\/schema.org\",\"@graph\":[{\"@type\":\"WebPage\",\"@id\":\"https:\/\/www.vetter-wein.de\/datenschutz\/\",\"url\":\"https:\/\/www.vetter-wein.de\/datenschutz\/\",\"name\":\"Datenschutz - Stefan Vetter - Naturweingut in Gambach Franken\",\"isPartOf\":{\"@id\":\"https:\/\/www.vetter-wein.de\/#website\"},\"datePublished\":\"2023-03-27T14:03:11+00:00\",\"dateModified\":\"2023-03-31T10:49:35+00:00\",\"description\":\"Naturweingut in Gambach Franken, spezialisiert auf aus alten Reben gekelterten, spontanvergorenen und naturbelassenen Wei\u00dfweinen, Rotweinen sowie auch Cidre\",\"breadcrumb\":{\"@id\":\"https:\/\/www.vetter-wein.de\/datenschutz\/#breadcrumb\"},\"inLanguage\":\"en-US\",\"potentialAction\":[{\"@type\":\"ReadAction\",\"target\":[\"https:\/\/www.vetter-wein.de\/datenschutz\/\"]}]},{\"@type\":\"BreadcrumbList\",\"@id\":\"https:\/\/www.vetter-wein.de\/datenschutz\/#breadcrumb\",\"itemListElement\":[{\"@type\":\"ListItem\",\"position\":1,\"name\":\"Startseite\",\"item\":\"https:\/\/www.vetter-wein.de\/\"},{\"@type\":\"ListItem\",\"position\":2,\"name\":\"Datenschutz\"}]},{\"@type\":\"WebSite\",\"@id\":\"https:\/\/www.vetter-wein.de\/#website\",\"url\":\"https:\/\/www.vetter-wein.de\/\",\"name\":\"Stefan Vetter - Naturweingut in Gambach Franken\",\"description\":\"\",\"potentialAction\":[{\"@type\":\"SearchAction\",\"target\":{\"@type\":\"EntryPoint\",\"urlTemplate\":\"https:\/\/www.vetter-wein.de\/?s={search_term_string}\"},\"query-input\":\"required name=search_term_string\"}],\"inLanguage\":\"en-US\"}]}<\/script>\n<!-- \/ Yoast SEO plugin. -->","yoast_head_json":{"title":"Datenschutz - Stefan Vetter - Naturweingut in Gambach Franken","description":"Naturweingut in Gambach Franken, spezialisiert auf aus alten Reben gekelterten, spontanvergorenen und naturbelassenen Wei\u00dfweinen, Rotweinen sowie auch Cidre","robots":{"index":"index","follow":"follow","max-snippet":"max-snippet:-1","max-image-preview":"max-image-preview:large","max-video-preview":"max-video-preview:-1"},"canonical":"https:\/\/www.vetter-wein.de\/eng\/datenschutz\/","og_locale":"en_US","og_type":"article","og_title":"Datenschutz - Stefan Vetter - Naturweingut in Gambach Franken","og_description":"Naturweingut in Gambach Franken, spezialisiert auf aus alten Reben gekelterten, spontanvergorenen und naturbelassenen Wei\u00dfweinen, Rotweinen sowie auch Cidre","og_url":"https:\/\/www.vetter-wein.de\/eng\/datenschutz\/","og_site_name":"Stefan Vetter - Naturweingut in Gambach Franken","article_modified_time":"2023-03-31T10:49:35+00:00","og_image":[{"url":"https:\/\/www.vetter-wein.de\/wordpress\/wp-content\/uploads\/elementor\/thumbs\/LOGO_Vetter_2023_white-Kopie-q2u9wma7xtmw40x7g1ghghczdad3tpsnii3tq5ejew.png"}],"twitter_card":"summary_large_image","twitter_misc":{"Est. reading time":"10 minutes"},"schema":{"@context":"https:\/\/schema.org","@graph":[{"@type":"WebPage","@id":"https:\/\/www.vetter-wein.de\/datenschutz\/","url":"https:\/\/www.vetter-wein.de\/datenschutz\/","name":"Datenschutz - Stefan Vetter - Naturweingut in Gambach Franken","isPartOf":{"@id":"https:\/\/www.vetter-wein.de\/#website"},"datePublished":"2023-03-27T14:03:11+00:00","dateModified":"2023-03-31T10:49:35+00:00","description":"Naturweingut in Gambach Franken, spezialisiert auf aus alten Reben gekelterten, spontanvergorenen und naturbelassenen Wei\u00dfweinen, Rotweinen sowie auch Cidre","breadcrumb":{"@id":"https:\/\/www.vetter-wein.de\/datenschutz\/#breadcrumb"},"inLanguage":"en-US","potentialAction":[{"@type":"ReadAction","target":["https:\/\/www.vetter-wein.de\/datenschutz\/"]}]},{"@type":"BreadcrumbList","@id":"https:\/\/www.vetter-wein.de\/datenschutz\/#breadcrumb","itemListElement":[{"@type":"ListItem","position":1,"name":"Startseite","item":"https:\/\/www.vetter-wein.de\/"},{"@type":"ListItem","position":2,"name":"Datenschutz"}]},{"@type":"WebSite","@id":"https:\/\/www.vetter-wein.de\/#website","url":"https:\/\/www.vetter-wein.de\/","name":"Stefan Vetter - Naturweingut in Gambach Franken","description":"","potentialAction":[{"@type":"SearchAction","target":{"@type":"EntryPoint","urlTemplate":"https:\/\/www.vetter-wein.de\/?s={search_term_string}"},"query-input":"required name=search_term_string"}],"inLanguage":"en-US"}]}},"_links":{"self":[{"href":"https:\/\/www.vetter-wein.de\/eng\/wp-json\/wp\/v2\/pages\/1073","targetHints":{"allow":["GET"]}}],"collection":[{"href":"https:\/\/www.vetter-wein.de\/eng\/wp-json\/wp\/v2\/pages"}],"about":[{"href":"https:\/\/www.vetter-wein.de\/eng\/wp-json\/wp\/v2\/types\/page"}],"author":[{"embeddable":true,"href":"https:\/\/www.vetter-wein.de\/eng\/wp-json\/wp\/v2\/users\/1"}],"replies":[{"embeddable":true,"href":"https:\/\/www.vetter-wein.de\/eng\/wp-json\/wp\/v2\/comments?post=1073"}],"version-history":[{"count":24,"href":"https:\/\/www.vetter-wein.de\/eng\/wp-json\/wp\/v2\/pages\/1073\/revisions"}],"predecessor-version":[{"id":1444,"href":"https:\/\/www.vetter-wein.de\/eng\/wp-json\/wp\/v2\/pages\/1073\/revisions\/1444"}],"wp:attachment":[{"href":"https:\/\/www.vetter-wein.de\/eng\/wp-json\/wp\/v2\/media?parent=1073"}],"curies":[{"name":"wp","href":"https:\/\/api.w.org\/{rel}","templated":true}]}}