{"id":929,"date":"2023-03-14T13:03:27","date_gmt":"2023-03-14T12:03:27","guid":{"rendered":"https:\/\/www.vetter-wein.de\/relaunch\/wordpress\/?page_id=929"},"modified":"2023-04-05T11:47:52","modified_gmt":"2023-04-05T09:47:52","slug":"weinlagen","status":"publish","type":"page","link":"https:\/\/www.vetter-wein.de\/eng\/weinlagen\/","title":{"rendered":"Vineyards"},"content":{"rendered":"<div data-elementor-type=\"wp-post\" data-elementor-id=\"929\" class=\"elementor elementor-929\">\n\t\t\t\t\t\t\t\t\t<section class=\"elementor-section elementor-top-section elementor-element elementor-element-f9e3053 elementor-section-stretched elementor-section-height-min-height header-scroll elementor-section-boxed elementor-section-height-default elementor-section-items-middle\" data-id=\"f9e3053\" data-element_type=\"section\" data-settings=\"{&quot;stretch_section&quot;:&quot;section-stretched&quot;,&quot;background_background&quot;:&quot;classic&quot;,&quot;animation&quot;:&quot;none&quot;}\">\n\t\t\t\t\t\t\t<div class=\"elementor-background-overlay\"><\/div>\n\t\t\t\t\t\t\t<div class=\"elementor-container elementor-column-gap-default\">\n\t\t\t\t\t<div class=\"elementor-column elementor-col-100 elementor-top-column elementor-element elementor-element-cd40cf3\" data-id=\"cd40cf3\" data-element_type=\"column\">\n\t\t\t<div class=\"elementor-widget-wrap elementor-element-populated\">\n\t\t\t\t\t\t\t\t<section class=\"elementor-section elementor-inner-section elementor-element elementor-element-d62effc elementor-section-boxed elementor-section-height-default elementor-section-height-default\" data-id=\"d62effc\" data-element_type=\"section\">\n\t\t\t\t\t\t<div class=\"elementor-container elementor-column-gap-default\">\n\t\t\t\t\t<div class=\"elementor-column elementor-col-100 elementor-inner-column elementor-element elementor-element-7b23b8c elementor-invisible\" data-id=\"7b23b8c\" data-element_type=\"column\" data-settings=\"{&quot;background_background&quot;:&quot;classic&quot;,&quot;animation&quot;:&quot;fadeInUp&quot;}\">\n\t\t\t<div class=\"elementor-widget-wrap elementor-element-populated\">\n\t\t\t\t\t\t\t\t<div class=\"elementor-element elementor-element-5baf192 elementor-widget elementor-widget-image\" data-id=\"5baf192\" data-element_type=\"widget\" data-widget_type=\"image.default\">\n\t\t\t\t<div class=\"elementor-widget-container\">\n\t\t\t<style>\/*! elementor - v3.11.2 - 22-02-2023 *\/\n.elementor-widget-image{text-align:center}.elementor-widget-image a{display:inline-block}.elementor-widget-image a img[src$=\".svg\"]{width:48px}.elementor-widget-image img{vertical-align:middle;display:inline-block}<\/style>\t\t\t\t\t\t\t\t\t\t\t\t<img decoding=\"async\" src=\"https:\/\/www.vetter-wein.de\/wordpress\/wp-content\/uploads\/elementor\/thumbs\/LOGO_Vetter_2023_white-Kopie-q2u9wma7xtmw40x7g1ghghczdad3tpsnii3tq5ejew.png\" title=\"LOGO_Vetter_2023_white Kopie\" alt=\"LOGO_Vetter_2023_white Kopie\" loading=\"lazy\" \/>\t\t\t\t\t\t\t\t\t\t\t\t\t\t\t<\/div>\n\t\t\t\t<\/div>\n\t\t\t\t\t<\/div>\n\t\t<\/div>\n\t\t\t\t\t\t\t<\/div>\n\t\t<\/section>\n\t\t\t\t\t<\/div>\n\t\t<\/div>\n\t\t\t\t\t\t\t<\/div>\n\t\t<\/section>\n\t\t\t\t<section class=\"elementor-section elementor-top-section elementor-element elementor-element-88e02b1 elementor-section-stretched elementor-section-boxed elementor-section-height-default elementor-section-height-default\" data-id=\"88e02b1\" data-element_type=\"section\" data-settings=\"{&quot;stretch_section&quot;:&quot;section-stretched&quot;,&quot;background_background&quot;:&quot;classic&quot;}\">\n\t\t\t\t\t\t<div class=\"elementor-container elementor-column-gap-default\">\n\t\t\t\t\t<div class=\"elementor-column elementor-col-100 elementor-top-column elementor-element elementor-element-a24b5d1\" data-id=\"a24b5d1\" data-element_type=\"column\">\n\t\t\t<div class=\"elementor-widget-wrap elementor-element-populated\">\n\t\t\t\t\t\t\t\t<div class=\"elementor-element elementor-element-c3d3f2d elementor-widget elementor-widget-heading\" data-id=\"c3d3f2d\" data-element_type=\"widget\" data-widget_type=\"heading.default\">\n\t\t\t\t<div class=\"elementor-widget-container\">\n\t\t\t<style>\/*! elementor - v3.11.2 - 22-02-2023 *\/\n.elementor-heading-title{padding:0;margin:0;line-height:1}.elementor-widget-heading .elementor-heading-title[class*=elementor-size-]>a{color:inherit;font-size:inherit;line-height:inherit}.elementor-widget-heading .elementor-heading-title.elementor-size-small{font-size:15px}.elementor-widget-heading .elementor-heading-title.elementor-size-medium{font-size:19px}.elementor-widget-heading .elementor-heading-title.elementor-size-large{font-size:29px}.elementor-widget-heading .elementor-heading-title.elementor-size-xl{font-size:39px}.elementor-widget-heading .elementor-heading-title.elementor-size-xxl{font-size:59px}<\/style><h2 class=\"elementor-heading-title elementor-size-default\">Vineyards<\/h2>\t\t<\/div>\n\t\t\t\t<\/div>\n\t\t\t\t<div class=\"elementor-element elementor-element-ea6a556 elementor-widget elementor-widget-text-editor\" data-id=\"ea6a556\" data-element_type=\"widget\" data-widget_type=\"text-editor.default\">\n\t\t\t\t<div class=\"elementor-widget-container\">\n\t\t\t<style>\/*! elementor - v3.11.2 - 22-02-2023 *\/\n.elementor-widget-text-editor.elementor-drop-cap-view-stacked .elementor-drop-cap{background-color:#818a91;color:#fff}.elementor-widget-text-editor.elementor-drop-cap-view-framed .elementor-drop-cap{color:#818a91;border:3px solid;background-color:transparent}.elementor-widget-text-editor:not(.elementor-drop-cap-view-default) .elementor-drop-cap{margin-top:8px}.elementor-widget-text-editor:not(.elementor-drop-cap-view-default) .elementor-drop-cap-letter{width:1em;height:1em}.elementor-widget-text-editor .elementor-drop-cap{float:left;text-align:center;line-height:1;font-size:50px}.elementor-widget-text-editor .elementor-drop-cap-letter{display:inline-block}<\/style>\t\t\t\t<p style=\"text-align: center;\">Our winery is located in Franconia, and Franconia has a very special identity among German wine-growing regions.\n<br><br>\nWhen people think of German wines, they probably first think of Rieslings from the Rhine or the Mosel, often in their fruity versions with some residual sugar. Franconian wines are completely different. This has to do with the grape varieties, the geographic location, the rocks in the subsoil, but also with our cultural tradition.\n<br><br>\nThe most important grape variety in Franconia is Silvaner, and this also applies to our winery. Silvaner comes from Austria, where it is believed to have originated in a spontaneous crossing more than 500 years ago. In 1659 it was verifiably planted for the first time in Franconia, at that time still called \"\u00d6sterreicher\", then later \"Sylvaner\".\n<br><br>\nThe fact that Franconia's most important grape variety comes not from the Rhine, but from the Danube, is also fitting in terms of geography. Shielded by the low mountain range of Spessart in the west, Franconia has a much more continental climate than the Rhine region. This generally means less rain, sunshine in summer and colder winters.\n<br><br>\nGeologically, Franconia is divided into three parts. The so-called Franconian Trias means that in the west Buntsandstein, in the middle Muschelkalk and in the east Keuper can be found. Our \u201ehome\u201c site, the Gambacher Kalbenstein, is located directly on the sharp border between Buntsandstein and Muschelkalk, which can also be seen in the different coloring of the subsoil.\n<br><br>\nAromatically, Silvaner is far more restrained than Riesling, for example. But with proper attention, it is not only capable of producing great wines. It also lets the terroir shine through like hardly any other grape variety.\t\t\t\t\t\t<\/div>\n\t\t\t\t<\/div>\n\t\t\t\t\t<\/div>\n\t\t<\/div>\n\t\t\t\t\t\t\t<\/div>\n\t\t<\/section>\n\t\t\t\t<section class=\"elementor-section elementor-top-section elementor-element elementor-element-ece7dd7 elementor-section-stretched elementor-section-height-min-height parallax elementor-section-boxed elementor-section-height-default elementor-section-items-middle\" data-id=\"ece7dd7\" data-element_type=\"section\" data-settings=\"{&quot;stretch_section&quot;:&quot;section-stretched&quot;,&quot;background_background&quot;:&quot;classic&quot;}\">\n\t\t\t\t\t\t<div class=\"elementor-container elementor-column-gap-default\">\n\t\t\t\t\t<div class=\"elementor-column elementor-col-100 elementor-top-column elementor-element elementor-element-a18be10\" data-id=\"a18be10\" data-element_type=\"column\">\n\t\t\t<div class=\"elementor-widget-wrap\">\n\t\t\t\t\t\t\t\t\t<\/div>\n\t\t<\/div>\n\t\t\t\t\t\t\t<\/div>\n\t\t<\/section>\n\t\t\t\t<section class=\"elementor-section elementor-top-section elementor-element elementor-element-c80a551 elementor-section-stretched elementor-section-full_width elementor-section-height-default elementor-section-height-default\" data-id=\"c80a551\" data-element_type=\"section\" data-settings=\"{&quot;stretch_section&quot;:&quot;section-stretched&quot;,&quot;background_background&quot;:&quot;classic&quot;}\">\n\t\t\t\t\t\t<div class=\"elementor-container elementor-column-gap-default\">\n\t\t\t\t\t<div class=\"elementor-column elementor-col-50 elementor-top-column elementor-element elementor-element-65eaca7\" data-id=\"65eaca7\" data-element_type=\"column\" data-settings=\"{&quot;background_background&quot;:&quot;classic&quot;}\">\n\t\t\t<div class=\"elementor-widget-wrap elementor-element-populated\">\n\t\t\t\t\t\t\t\t<div class=\"elementor-element elementor-element-531eb7e elementor-widget elementor-widget-spacer\" data-id=\"531eb7e\" data-element_type=\"widget\" data-widget_type=\"spacer.default\">\n\t\t\t\t<div class=\"elementor-widget-container\">\n\t\t\t<style>\/*! elementor - v3.11.2 - 22-02-2023 *\/\n.elementor-column .elementor-spacer-inner{height:var(--spacer-size)}.e-con{--container-widget-width:100%}.e-con-inner>.elementor-widget-spacer,.e-con>.elementor-widget-spacer{width:var(--container-widget-width,var(--spacer-size));--align-self:var(--container-widget-align-self,initial);--flex-shrink:0}.e-con-inner>.elementor-widget-spacer>.elementor-widget-container,.e-con-inner>.elementor-widget-spacer>.elementor-widget-container>.elementor-spacer,.e-con>.elementor-widget-spacer>.elementor-widget-container,.e-con>.elementor-widget-spacer>.elementor-widget-container>.elementor-spacer{height:100%}.e-con-inner>.elementor-widget-spacer>.elementor-widget-container>.elementor-spacer>.elementor-spacer-inner,.e-con>.elementor-widget-spacer>.elementor-widget-container>.elementor-spacer>.elementor-spacer-inner{height:var(--container-widget-height,var(--spacer-size))}<\/style>\t\t<div class=\"elementor-spacer\">\n\t\t\t<div class=\"elementor-spacer-inner\"><\/div>\n\t\t<\/div>\n\t\t\t\t<\/div>\n\t\t\t\t<\/div>\n\t\t\t\t\t<\/div>\n\t\t<\/div>\n\t\t\t\t<div class=\"elementor-column elementor-col-50 elementor-top-column elementor-element elementor-element-abfc46e\" data-id=\"abfc46e\" data-element_type=\"column\" data-settings=\"{&quot;background_background&quot;:&quot;classic&quot;}\">\n\t\t\t<div class=\"elementor-widget-wrap elementor-element-populated\">\n\t\t\t\t\t\t\t\t<div class=\"elementor-element elementor-element-ac8345b elementor-widget elementor-widget-heading\" data-id=\"ac8345b\" data-element_type=\"widget\" data-widget_type=\"heading.default\">\n\t\t\t\t<div class=\"elementor-widget-container\">\n\t\t\t<h2 class=\"elementor-heading-title elementor-size-default\">Geology<\/h2>\t\t<\/div>\n\t\t\t\t<\/div>\n\t\t\t\t<div class=\"elementor-element elementor-element-ab92cf5 elementor-widget elementor-widget-text-editor\" data-id=\"ab92cf5\" data-element_type=\"widget\" data-widget_type=\"text-editor.default\">\n\t\t\t\t<div class=\"elementor-widget-container\">\n\t\t\t\t\t\t\t<p>Geologie ist die Wissenschaft vom Aufbau der Erdkruste und den Eigenschaften der Gesteine. In unserem Hausberg, dem Gambacher Kalbenstein, ist die Humusauflage so d\u00fcnn, dass die Gesteinsschicht bereits nach wenigen Zentimetern beginnt. Die Wurzeln der Reben k\u00f6nnen in h\u00f6herem Alter aber bis zu 15 Meter tief in den Boden und in die Felsspalten eindringen. Kein Wunder also, dass uns als Winzer diese unterschiedlichen Gesteine besonders interessieren.&nbsp;<span style=\"font-size: 20px; background-color: var( --e-global-color-accent ); text-transform: inherit;\">Often geology can be quite complicated, because foldings or volcanic activities mix up the original layers. Fortunately, the principles in Franconia are relatively simple. Franconia means Trias, a specific period of the earth's history. During this period, three types of rock were deposited one after the other. So at the very bottom is the oldest type, and at the very top is the youngest.<\/span><\/p>\n<p>The oldest type of rock is called Buntsandstein (= red sandstone). The time of Buntsandstein began 250 million years ago. The climate was hot and dry, and rivers transported sandy material into the so-called \"Germanic Basin\". Here it sedimented. Thanks to oxidation, the particles were covered with a kind of reddish iron skin. In this layer there are hardly any fossils.<\/p>\t\t\t\t\t\t<\/div>\n\t\t\t\t<\/div>\n\t\t\t\t\t<\/div>\n\t\t<\/div>\n\t\t\t\t\t\t\t<\/div>\n\t\t<\/section>\n\t\t\t\t<section class=\"elementor-section elementor-top-section elementor-element elementor-element-d861100 elementor-section-stretched elementor-section-full_width elementor-section-height-default elementor-section-height-default\" data-id=\"d861100\" data-element_type=\"section\" data-settings=\"{&quot;stretch_section&quot;:&quot;section-stretched&quot;,&quot;background_background&quot;:&quot;classic&quot;}\">\n\t\t\t\t\t\t<div class=\"elementor-container elementor-column-gap-default\">\n\t\t\t\t\t<div class=\"elementor-column elementor-col-50 elementor-top-column elementor-element elementor-element-963499e\" data-id=\"963499e\" data-element_type=\"column\" data-settings=\"{&quot;background_background&quot;:&quot;classic&quot;}\">\n\t\t\t<div class=\"elementor-widget-wrap elementor-element-populated\">\n\t\t\t\t\t\t\t\t<div class=\"elementor-element elementor-element-59f7cc9 elementor-widget elementor-widget-heading\" data-id=\"59f7cc9\" data-element_type=\"widget\" data-widget_type=\"heading.default\">\n\t\t\t\t<div class=\"elementor-widget-container\">\n\t\t\t<h2 class=\"elementor-heading-title elementor-size-default\">the soil - basis of our wines<\/h2>\t\t<\/div>\n\t\t\t\t<\/div>\n\t\t\t\t<div class=\"elementor-element elementor-element-1947d7a elementor-widget elementor-widget-text-editor\" data-id=\"1947d7a\" data-element_type=\"widget\" data-widget_type=\"text-editor.default\">\n\t\t\t\t<div class=\"elementor-widget-container\">\n\t\t\t\t\t\t\t<p>The latter changes with the next phase. About ten million years later, the sea flooded the former basin. In the warm and fertile climate, many animals thrived on land and in the water. The sea periodically retreated and then flooded the land again. In this way, large quantities of marine animals such as mussels and snails died on the reefs. Their shells form the Muschelkalk (= shell limestone), the layer above Buntsandstein.<\/p><p>Another ten million years later, the ocean basin as a whole had become shallower. The tropical climate provided a dense floral cover of ferns and horsetails. When sea level rose again, this vegetation was flooded and with it small mollusks and crabs that lived in the brackish water. This youngest Triassic depositional layer is called Keuper.<\/p><p>Because there are two more layers in the Trias above the Buntsandstein, it shouldn\u2018t actually appear on the earth's surface. In fact, however, this is the case, as one can see in the Kalbenstein. Two processes are responsible for this.<\/p><p>One of them has to do with the Rhine, which shows that after all we are not completely unaffected by processes in the Rhineland. When the Alps unfolded about 30 million years ago, the Upper Rhine Graben collapsed due to the pressure. This pressure also weighed on the Triassic strata package from the west. The result was that the Trias became lopsided. The erosion that has taken place since then due to wind and surface water (that\u2019s the second process) gradually wore away the upper layers. As a result, in the west of Franconia the Buntsandstein came to the surface, around today's W\u00fcrzburg it's Muschelkalk, and at the Steigerwald Keuper.<\/p>\t\t\t\t\t\t<\/div>\n\t\t\t\t<\/div>\n\t\t\t\t\t<\/div>\n\t\t<\/div>\n\t\t\t\t<div class=\"elementor-column elementor-col-50 elementor-top-column elementor-element elementor-element-e6a14a3\" data-id=\"e6a14a3\" data-element_type=\"column\" data-settings=\"{&quot;background_background&quot;:&quot;classic&quot;}\">\n\t\t\t<div class=\"elementor-widget-wrap elementor-element-populated\">\n\t\t\t\t\t\t\t\t<div class=\"elementor-element elementor-element-8368ad7 elementor-widget elementor-widget-spacer\" data-id=\"8368ad7\" data-element_type=\"widget\" data-widget_type=\"spacer.default\">\n\t\t\t\t<div class=\"elementor-widget-container\">\n\t\t\t\t\t<div class=\"elementor-spacer\">\n\t\t\t<div class=\"elementor-spacer-inner\"><\/div>\n\t\t<\/div>\n\t\t\t\t<\/div>\n\t\t\t\t<\/div>\n\t\t\t\t\t<\/div>\n\t\t<\/div>\n\t\t\t\t\t\t\t<\/div>\n\t\t<\/section>\n\t\t\t\t<section class=\"elementor-section elementor-top-section elementor-element elementor-element-e605a52 elementor-section-stretched elementor-section-boxed elementor-section-height-default elementor-section-height-default\" data-id=\"e605a52\" data-element_type=\"section\" data-settings=\"{&quot;stretch_section&quot;:&quot;section-stretched&quot;,&quot;background_background&quot;:&quot;classic&quot;}\">\n\t\t\t\t\t\t<div class=\"elementor-container elementor-column-gap-default\">\n\t\t\t\t\t<div class=\"elementor-column elementor-col-50 elementor-top-column elementor-element elementor-element-efe428c\" data-id=\"efe428c\" data-element_type=\"column\">\n\t\t\t<div class=\"elementor-widget-wrap elementor-element-populated\">\n\t\t\t\t\t\t\t\t<div class=\"elementor-element elementor-element-e447271 elementor-widget elementor-widget-text-editor\" data-id=\"e447271\" data-element_type=\"widget\" data-widget_type=\"text-editor.default\">\n\t\t\t\t<div class=\"elementor-widget-container\">\n\t\t\t\t\t\t\t<p>Large rivers like the Main were also able to cut up to 100 meters deep into the subsoil. This happened about 2.4 million years ago, so quite recently in terms of geological history. On the slope of the Gambacher Kalbenstein, on which the Main gnawed at high velocity, we therefore see several strata on top of each other.<\/p><p>The exciting thing for us is that we have plots in all three Triassic formations. In the lower part of the Gambacher Kalbenstein, close to the river, there is Buntsandstein (where our Sylvaner Buntsandstein comes from), further up Muschelkalk<\/p>\t\t\t\t\t\t<\/div>\n\t\t\t\t<\/div>\n\t\t\t\t\t<\/div>\n\t\t<\/div>\n\t\t\t\t<div class=\"elementor-column elementor-col-50 elementor-top-column elementor-element elementor-element-dbe20fc\" data-id=\"dbe20fc\" data-element_type=\"column\">\n\t\t\t<div class=\"elementor-widget-wrap elementor-element-populated\">\n\t\t\t\t\t\t\t\t<div class=\"elementor-element elementor-element-6ca1b30 elementor-widget elementor-widget-text-editor\" data-id=\"6ca1b30\" data-element_type=\"widget\" data-widget_type=\"text-editor.default\">\n\t\t\t\t<div class=\"elementor-widget-container\">\n\t\t\t\t\t\t\t<p>(for example our Sylvaner Muschelkalk, but also for Sylvaner Himmelsl\u00fccke and Rosenrain). In Casteller Kirchberg, we get Sylvaner CK from our very first plot on Keuper soil.<\/p><p>In fact, we have an exception to the rule at the end. For not all of Weinfranken is dominated by the Trias. Similar to the small Gallic village in Asterix, there is an area in the far west beyond the Spessart, where even the much older primary rock came to the surface due to the inclination. There, we get a wine from the Wasserloser Schlossberg that still comes from Franconia, but geologically (and perhaps also taste-wise) is more reminiscent of the Rheingau.<\/p>\t\t\t\t\t\t<\/div>\n\t\t\t\t<\/div>\n\t\t\t\t\t<\/div>\n\t\t<\/div>\n\t\t\t\t\t\t\t<\/div>\n\t\t<\/section>\n\t\t\t\t<section class=\"elementor-section elementor-top-section elementor-element elementor-element-3b2cbd0 elementor-section-stretched elementor-section-boxed elementor-section-height-default elementor-section-height-default\" data-id=\"3b2cbd0\" data-element_type=\"section\" data-settings=\"{&quot;stretch_section&quot;:&quot;section-stretched&quot;,&quot;background_background&quot;:&quot;classic&quot;}\">\n\t\t\t\t\t\t<div class=\"elementor-container elementor-column-gap-default\">\n\t\t\t\t\t<div class=\"elementor-column elementor-col-100 elementor-top-column elementor-element elementor-element-c4e40a3\" data-id=\"c4e40a3\" data-element_type=\"column\">\n\t\t\t<div class=\"elementor-widget-wrap elementor-element-populated\">\n\t\t\t\t\t\t\t\t<section class=\"elementor-section elementor-inner-section elementor-element elementor-element-d2c1df5 elementor-section-boxed elementor-section-height-default elementor-section-height-default elementor-invisible\" data-id=\"d2c1df5\" data-element_type=\"section\" data-settings=\"{&quot;animation&quot;:&quot;fadeInUp&quot;}\">\n\t\t\t\t\t\t<div class=\"elementor-container elementor-column-gap-default\">\n\t\t\t\t\t<div class=\"elementor-column elementor-col-50 elementor-inner-column elementor-element elementor-element-f948104\" data-id=\"f948104\" data-element_type=\"column\">\n\t\t\t<div class=\"elementor-widget-wrap elementor-element-populated\">\n\t\t\t\t\t\t\t\t<div class=\"elementor-element elementor-element-3545875 elementor-align-justify elementor-widget elementor-widget-button\" data-id=\"3545875\" data-element_type=\"widget\" data-settings=\"{&quot;_animation&quot;:&quot;none&quot;}\" data-widget_type=\"button.default\">\n\t\t\t\t<div class=\"elementor-widget-container\">\n\t\t\t\t\t<div class=\"elementor-button-wrapper\">\n\t\t\t<a href=\"https:\/\/www.vetter-wein.de\/eng\/keller-hof\/\" class=\"elementor-button-link elementor-button elementor-size-sm\" role=\"button\">\n\t\t\t\t\t\t<span class=\"elementor-button-content-wrapper\">\n\t\t\t\t\t\t<span class=\"elementor-button-text\">Cellar &amp; Yard<\/span>\n\t\t<\/span>\n\t\t\t\t\t<\/a>\n\t\t<\/div>\n\t\t\t\t<\/div>\n\t\t\t\t<\/div>\n\t\t\t\t\t<\/div>\n\t\t<\/div>\n\t\t\t\t<div class=\"elementor-column elementor-col-50 elementor-inner-column elementor-element elementor-element-bcc8a67\" data-id=\"bcc8a67\" data-element_type=\"column\">\n\t\t\t<div class=\"elementor-widget-wrap elementor-element-populated\">\n\t\t\t\t\t\t\t\t<div class=\"elementor-element elementor-element-5c784ba elementor-align-justify elementor-widget elementor-widget-button\" data-id=\"5c784ba\" data-element_type=\"widget\" data-settings=\"{&quot;_animation&quot;:&quot;none&quot;}\" data-widget_type=\"button.default\">\n\t\t\t\t<div class=\"elementor-widget-container\">\n\t\t\t\t\t<div class=\"elementor-button-wrapper\">\n\t\t\t<a href=\"https:\/\/www.vetter-wein.de\/eng\/weine\/\" class=\"elementor-button-link elementor-button elementor-size-sm\" role=\"button\">\n\t\t\t\t\t\t<span class=\"elementor-button-content-wrapper\">\n\t\t\t\t\t\t<span class=\"elementor-button-text\">Wine<\/span>\n\t\t<\/span>\n\t\t\t\t\t<\/a>\n\t\t<\/div>\n\t\t\t\t<\/div>\n\t\t\t\t<\/div>\n\t\t\t\t\t<\/div>\n\t\t<\/div>\n\t\t\t\t\t\t\t<\/div>\n\t\t<\/section>\n\t\t\t\t\t<\/div>\n\t\t<\/div>\n\t\t\t\t\t\t\t<\/div>\n\t\t<\/section>\n\t\t\t\t<section class=\"elementor-section elementor-top-section elementor-element elementor-element-8e30849 elementor-section-stretched elementor-section-full_width elementor-section-height-default elementor-section-height-default\" data-id=\"8e30849\" data-element_type=\"section\" id=\"footer-block\" data-settings=\"{&quot;stretch_section&quot;:&quot;section-stretched&quot;,&quot;background_background&quot;:&quot;classic&quot;}\">\n\t\t\t\t\t\t<div class=\"elementor-container elementor-column-gap-default\">\n\t\t\t\t\t<div class=\"elementor-column elementor-col-50 elementor-top-column elementor-element elementor-element-7a075ee\" data-id=\"7a075ee\" data-element_type=\"column\">\n\t\t\t<div class=\"elementor-widget-wrap elementor-element-populated\">\n\t\t\t\t\t\t\t\t<section class=\"elementor-section elementor-inner-section elementor-element elementor-element-7fb9aaa elementor-section-boxed elementor-section-height-default elementor-section-height-default\" data-id=\"7fb9aaa\" data-element_type=\"section\">\n\t\t\t\t\t\t<div class=\"elementor-container elementor-column-gap-default\">\n\t\t\t\t\t<div class=\"elementor-column elementor-col-50 elementor-inner-column elementor-element elementor-element-ee5402d\" data-id=\"ee5402d\" data-element_type=\"column\">\n\t\t\t<div class=\"elementor-widget-wrap elementor-element-populated\">\n\t\t\t\t\t\t\t\t<div class=\"elementor-element elementor-element-5cc3f9d elementor-widget elementor-widget-image\" data-id=\"5cc3f9d\" data-element_type=\"widget\" data-widget_type=\"image.default\">\n\t\t\t\t<div class=\"elementor-widget-container\">\n\t\t\t\t\t\t\t\t\t\t\t\t\t\t\t<img loading=\"lazy\" decoding=\"async\" width=\"46\" height=\"32\" src=\"https:\/\/www.vetter-wein.de\/wordpress\/wp-content\/uploads\/2023\/02\/Bildschirm\u00adfoto-2023-02-22-um-10.02.27.png\" class=\"attachment-large size-large wp-image-673\" alt=\"\" \/>\t\t\t\t\t\t\t\t\t\t\t\t\t\t\t<\/div>\n\t\t\t\t<\/div>\n\t\t\t\t\t<\/div>\n\t\t<\/div>\n\t\t\t\t<div class=\"elementor-column elementor-col-50 elementor-inner-column elementor-element elementor-element-9ab80cd\" data-id=\"9ab80cd\" data-element_type=\"column\">\n\t\t\t<div class=\"elementor-widget-wrap elementor-element-populated\">\n\t\t\t\t\t\t\t\t<div class=\"elementor-element elementor-element-9c345e3 elementor-widget elementor-widget-text-editor\" data-id=\"9c345e3\" data-element_type=\"widget\" data-widget_type=\"text-editor.default\">\n\t\t\t\t<div class=\"elementor-widget-container\">\n\t\t\t\t\t\t\t<p>biologically certified viticulture in the nature reserve<\/p>\t\t\t\t\t\t<\/div>\n\t\t\t\t<\/div>\n\t\t\t\t\t<\/div>\n\t\t<\/div>\n\t\t\t\t\t\t\t<\/div>\n\t\t<\/section>\n\t\t\t\t<section class=\"elementor-section elementor-inner-section elementor-element elementor-element-05c5c32 elementor-section-boxed elementor-section-height-default elementor-section-height-default\" data-id=\"05c5c32\" data-element_type=\"section\">\n\t\t\t\t\t\t<div class=\"elementor-container elementor-column-gap-default\">\n\t\t\t\t\t<div class=\"elementor-column elementor-col-50 elementor-inner-column elementor-element elementor-element-8e6eeda\" data-id=\"8e6eeda\" data-element_type=\"column\">\n\t\t\t<div class=\"elementor-widget-wrap elementor-element-populated\">\n\t\t\t\t\t\t\t\t<div class=\"elementor-element elementor-element-5ff81ba elementor-widget elementor-widget-image\" data-id=\"5ff81ba\" data-element_type=\"widget\" data-widget_type=\"image.default\">\n\t\t\t\t<div class=\"elementor-widget-container\">\n\t\t\t\t\t\t\t\t\t\t\t\t\t\t\t<img loading=\"lazy\" decoding=\"async\" width=\"46\" height=\"30\" src=\"https:\/\/www.vetter-wein.de\/wordpress\/wp-content\/uploads\/2023\/03\/Bildschirm\u00adfoto-2023-02-22-um-10.02.34.png\" class=\"attachment-large size-large wp-image-831\" alt=\"\" \/>\t\t\t\t\t\t\t\t\t\t\t\t\t\t\t<\/div>\n\t\t\t\t<\/div>\n\t\t\t\t\t<\/div>\n\t\t<\/div>\n\t\t\t\t<div class=\"elementor-column elementor-col-50 elementor-inner-column elementor-element elementor-element-b0bbd8c\" data-id=\"b0bbd8c\" data-element_type=\"column\">\n\t\t\t<div class=\"elementor-widget-wrap elementor-element-populated\">\n\t\t\t\t\t\t\t\t<div class=\"elementor-element elementor-element-949a00f elementor-widget elementor-widget-text-editor\" data-id=\"949a00f\" data-element_type=\"widget\" data-widget_type=\"text-editor.default\">\n\t\t\t\t<div class=\"elementor-widget-container\">\n\t\t\t\t\t\t\t<p>EU funding (EAFRD)<\/p>\t\t\t\t\t\t<\/div>\n\t\t\t\t<\/div>\n\t\t\t\t\t<\/div>\n\t\t<\/div>\n\t\t\t\t\t\t\t<\/div>\n\t\t<\/section>\n\t\t\t\t<div class=\"elementor-element elementor-element-1205bdf elementor-widget elementor-widget-image\" data-id=\"1205bdf\" data-element_type=\"widget\" data-widget_type=\"image.default\">\n\t\t\t\t<div class=\"elementor-widget-container\">\n\t\t\t\t\t\t\t\t\t\t\t\t\t\t\t<img loading=\"lazy\" decoding=\"async\" width=\"598\" height=\"211\" src=\"https:\/\/www.vetter-wein.de\/wordpress\/wp-content\/uploads\/2023\/02\/LOGO_Vetter_2023_white-Kopie.png\" class=\"attachment-full size-full wp-image-629\" alt=\"\" srcset=\"https:\/\/www.vetter-wein.de\/wordpress\/wp-content\/uploads\/2023\/02\/LOGO_Vetter_2023_white-Kopie.png 598w, https:\/\/www.vetter-wein.de\/wordpress\/wp-content\/uploads\/2023\/02\/LOGO_Vetter_2023_white-Kopie-300x106.png 300w, https:\/\/www.vetter-wein.de\/wordpress\/wp-content\/uploads\/2023\/02\/LOGO_Vetter_2023_white-Kopie-100x35.png 100w, https:\/\/www.vetter-wein.de\/wordpress\/wp-content\/uploads\/2023\/02\/LOGO_Vetter_2023_white-Kopie-150x53.png 150w, https:\/\/www.vetter-wein.de\/wordpress\/wp-content\/uploads\/2023\/02\/LOGO_Vetter_2023_white-Kopie-200x71.png 200w, https:\/\/www.vetter-wein.de\/wordpress\/wp-content\/uploads\/2023\/02\/LOGO_Vetter_2023_white-Kopie-450x159.png 450w\" sizes=\"auto, (max-width: 598px) 100vw, 598px\" \/>\t\t\t\t\t\t\t\t\t\t\t\t\t\t\t<\/div>\n\t\t\t\t<\/div>\n\t\t\t\t\t<\/div>\n\t\t<\/div>\n\t\t\t\t<div class=\"elementor-column elementor-col-50 elementor-top-column elementor-element elementor-element-5da8cb4\" data-id=\"5da8cb4\" data-element_type=\"column\">\n\t\t\t<div class=\"elementor-widget-wrap elementor-element-populated\">\n\t\t\t\t\t\t\t\t<div class=\"elementor-element elementor-element-9477ba1 elementor-icon-list--layout-inline elementor-list-item-link-full_width elementor-widget elementor-widget-icon-list\" data-id=\"9477ba1\" data-element_type=\"widget\" data-widget_type=\"icon-list.default\">\n\t\t\t\t<div class=\"elementor-widget-container\">\n\t\t\t<link rel=\"stylesheet\" href=\"https:\/\/www.vetter-wein.de\/wordpress\/wp-content\/plugins\/elementor\/assets\/css\/widget-icon-list.min.css\">\t\t<ul class=\"elementor-icon-list-items elementor-inline-items\">\n\t\t\t\t\t\t\t<li class=\"elementor-icon-list-item elementor-inline-item\">\n\t\t\t\t\t\t\t\t\t\t\t<a href=\"https:\/\/www.vetter-wein.de\/eng\/impressum\/\">\n\n\t\t\t\t\t\t\t\t\t\t\t<span class=\"elementor-icon-list-text\">Imprint<\/span>\n\t\t\t\t\t\t\t\t\t\t\t<\/a>\n\t\t\t\t\t\t\t\t\t<\/li>\n\t\t\t\t\t\t\t\t<li class=\"elementor-icon-list-item elementor-inline-item\">\n\t\t\t\t\t\t\t\t\t\t\t<a href=\"https:\/\/www.vetter-wein.de\/eng\/datenschutz\/\">\n\n\t\t\t\t\t\t\t\t\t\t\t<span class=\"elementor-icon-list-text\">Privacy<\/span>\n\t\t\t\t\t\t\t\t\t\t\t<\/a>\n\t\t\t\t\t\t\t\t\t<\/li>\n\t\t\t\t\t\t\t\t<li class=\"elementor-icon-list-item elementor-inline-item\">\n\t\t\t\t\t\t\t\t\t\t\t<a href=\"https:\/\/www.instagram.com\/vetter_wein\/\">\n\n\t\t\t\t\t\t\t\t\t\t\t\t<span class=\"elementor-icon-list-icon\">\n\t\t\t\t\t\t\t<i aria-hidden=\"true\" class=\"fab fa-instagram\"><\/i>\t\t\t\t\t\t<\/span>\n\t\t\t\t\t\t\t\t\t\t<span class=\"elementor-icon-list-text\">Follow us<\/span>\n\t\t\t\t\t\t\t\t\t\t\t<\/a>\n\t\t\t\t\t\t\t\t\t<\/li>\n\t\t\t\t\t\t<\/ul>\n\t\t\t\t<\/div>\n\t\t\t\t<\/div>\n\t\t\t\t<div class=\"elementor-element elementor-element-6fa5827 elementor-widget elementor-widget-spacer\" data-id=\"6fa5827\" data-element_type=\"widget\" data-widget_type=\"spacer.default\">\n\t\t\t\t<div class=\"elementor-widget-container\">\n\t\t\t\t\t<div class=\"elementor-spacer\">\n\t\t\t<div class=\"elementor-spacer-inner\"><\/div>\n\t\t<\/div>\n\t\t\t\t<\/div>\n\t\t\t\t<\/div>\n\t\t\t\t<section class=\"elementor-section elementor-inner-section elementor-element elementor-element-3440ffd elementor-section-boxed elementor-section-height-default elementor-section-height-default\" data-id=\"3440ffd\" data-element_type=\"section\">\n\t\t\t\t\t\t<div class=\"elementor-container elementor-column-gap-default\">\n\t\t\t\t\t<div class=\"elementor-column elementor-col-50 elementor-inner-column elementor-element elementor-element-6193ee7\" data-id=\"6193ee7\" data-element_type=\"column\">\n\t\t\t<div class=\"elementor-widget-wrap elementor-element-populated\">\n\t\t\t\t\t\t\t\t<div class=\"elementor-element elementor-element-324ec9f elementor-widget elementor-widget-text-editor\" data-id=\"324ec9f\" data-element_type=\"widget\" data-widget_type=\"text-editor.default\">\n\t\t\t\t<div class=\"elementor-widget-container\">\n\t\t\t\t\t\t\t<p>Katja &amp; Stefan Vetter<br \/>Neuweg 2<br \/>97753 Gambach, Bavaria, Germany<\/p>\t\t\t\t\t\t<\/div>\n\t\t\t\t<\/div>\n\t\t\t\t\t<\/div>\n\t\t<\/div>\n\t\t\t\t<div class=\"elementor-column elementor-col-50 elementor-inner-column elementor-element elementor-element-d5d4378\" data-id=\"d5d4378\" data-element_type=\"column\">\n\t\t\t<div class=\"elementor-widget-wrap elementor-element-populated\">\n\t\t\t\t\t\t\t\t<div class=\"elementor-element elementor-element-da074a0 elementor-widget elementor-widget-text-editor\" data-id=\"da074a0\" data-element_type=\"widget\" data-widget_type=\"text-editor.default\">\n\t\t\t\t<div class=\"elementor-widget-container\">\n\t\t\t\t\t\t\tPhone +49 (0)9353 \/ 9843 505<br\/>\n<a href=\"mailto:post@vetter-wein.de\">post@vetter-wein.de<\/a>\t\t\t\t\t\t<\/div>\n\t\t\t\t<\/div>\n\t\t\t\t\t<\/div>\n\t\t<\/div>\n\t\t\t\t\t\t\t<\/div>\n\t\t<\/section>\n\t\t\t\t\t<\/div>\n\t\t<\/div>\n\t\t\t\t\t\t\t<\/div>\n\t\t<\/section>\n\t\t\t\t\t\t\t<\/div>","protected":false},"excerpt":{"rendered":"<p>Weinlagen Unser Weingut liegt in Franken, und Franken besitzt eine ganz besondere Identit\u00e4t unter den deutschen Weinbaugebieten. Wer an deutsche Weine denkt, denkt wahrscheinlich zuerst an Rieslinge vom Rhein oder von der Mosel, gern auch in ihren fruchts\u00fc\u00dfen Versionen. Fr\u00e4nkische &hellip;<\/p>\n<p class=\"read-more\"> <a class=\"more-link\" href=\"https:\/\/www.vetter-wein.de\/eng\/weinlagen\/\"> <span class=\"screen-reader-text\">Vineyards<\/span> Read More &raquo;<\/a><\/p>","protected":false},"author":1,"featured_media":0,"parent":0,"menu_order":0,"comment_status":"closed","ping_status":"closed","template":"elementor_header_footer","meta":{"footnotes":""},"class_list":["post-929","page","type-page","status-publish","hentry"],"yoast_head":"<!-- This site is optimized with the Yoast SEO plugin v20.4 - https:\/\/yoast.com\/wordpress\/plugins\/seo\/ -->\n<title>Weinlagen - Stefan Vetter - Naturweingut in Gambach Franken<\/title>\n<meta name=\"description\" content=\"Naturweingut in Gambach Franken, spezialisiert auf aus alten Reben gekelterten, spontanvergorenen und naturbelassenen Wei\u00dfweinen, Rotweinen sowie auch Cidre\" \/>\n<meta name=\"robots\" content=\"index, follow, max-snippet:-1, max-image-preview:large, max-video-preview:-1\" \/>\n<link rel=\"canonical\" href=\"https:\/\/www.vetter-wein.de\/eng\/weinlagen\/\" \/>\n<meta property=\"og:locale\" content=\"en_US\" \/>\n<meta property=\"og:type\" content=\"article\" \/>\n<meta property=\"og:title\" content=\"Weinlagen - Stefan Vetter - Naturweingut in Gambach Franken\" \/>\n<meta property=\"og:description\" content=\"Naturweingut in Gambach Franken, spezialisiert auf aus alten Reben gekelterten, spontanvergorenen und naturbelassenen Wei\u00dfweinen, Rotweinen sowie auch Cidre\" \/>\n<meta property=\"og:url\" content=\"https:\/\/www.vetter-wein.de\/eng\/weinlagen\/\" \/>\n<meta property=\"og:site_name\" content=\"Stefan Vetter - Naturweingut in Gambach Franken\" \/>\n<meta property=\"article:modified_time\" content=\"2023-04-05T09:47:52+00:00\" \/>\n<meta property=\"og:image\" content=\"https:\/\/www.vetter-wein.de\/wordpress\/wp-content\/uploads\/elementor\/thumbs\/LOGO_Vetter_2023_white-Kopie-q2u9wma7xtmw40x7g1ghghczdad3tpsnii3tq5ejew.png\" \/>\n<meta name=\"twitter:card\" content=\"summary_large_image\" \/>\n<meta name=\"twitter:label1\" content=\"Est. reading time\" \/>\n\t<meta name=\"twitter:data1\" content=\"6 minutes\" \/>\n<script type=\"application\/ld+json\" class=\"yoast-schema-graph\">{\"@context\":\"https:\/\/schema.org\",\"@graph\":[{\"@type\":\"WebPage\",\"@id\":\"https:\/\/www.vetter-wein.de\/weinlagen\/\",\"url\":\"https:\/\/www.vetter-wein.de\/weinlagen\/\",\"name\":\"Weinlagen - Stefan Vetter - Naturweingut in Gambach Franken\",\"isPartOf\":{\"@id\":\"https:\/\/www.vetter-wein.de\/#website\"},\"datePublished\":\"2023-03-14T12:03:27+00:00\",\"dateModified\":\"2023-04-05T09:47:52+00:00\",\"description\":\"Naturweingut in Gambach Franken, spezialisiert auf aus alten Reben gekelterten, spontanvergorenen und naturbelassenen Wei\u00dfweinen, Rotweinen sowie auch Cidre\",\"breadcrumb\":{\"@id\":\"https:\/\/www.vetter-wein.de\/weinlagen\/#breadcrumb\"},\"inLanguage\":\"en-US\",\"potentialAction\":[{\"@type\":\"ReadAction\",\"target\":[\"https:\/\/www.vetter-wein.de\/weinlagen\/\"]}]},{\"@type\":\"BreadcrumbList\",\"@id\":\"https:\/\/www.vetter-wein.de\/weinlagen\/#breadcrumb\",\"itemListElement\":[{\"@type\":\"ListItem\",\"position\":1,\"name\":\"Startseite\",\"item\":\"https:\/\/www.vetter-wein.de\/\"},{\"@type\":\"ListItem\",\"position\":2,\"name\":\"Weinlagen\"}]},{\"@type\":\"WebSite\",\"@id\":\"https:\/\/www.vetter-wein.de\/#website\",\"url\":\"https:\/\/www.vetter-wein.de\/\",\"name\":\"Stefan Vetter - Naturweingut in Gambach Franken\",\"description\":\"\",\"potentialAction\":[{\"@type\":\"SearchAction\",\"target\":{\"@type\":\"EntryPoint\",\"urlTemplate\":\"https:\/\/www.vetter-wein.de\/?s={search_term_string}\"},\"query-input\":\"required name=search_term_string\"}],\"inLanguage\":\"en-US\"}]}<\/script>\n<!-- \/ Yoast SEO plugin. -->","yoast_head_json":{"title":"Weinlagen - Stefan Vetter - Naturweingut in Gambach Franken","description":"Naturweingut in Gambach Franken, spezialisiert auf aus alten Reben gekelterten, spontanvergorenen und naturbelassenen Wei\u00dfweinen, Rotweinen sowie auch Cidre","robots":{"index":"index","follow":"follow","max-snippet":"max-snippet:-1","max-image-preview":"max-image-preview:large","max-video-preview":"max-video-preview:-1"},"canonical":"https:\/\/www.vetter-wein.de\/eng\/weinlagen\/","og_locale":"en_US","og_type":"article","og_title":"Weinlagen - Stefan Vetter - Naturweingut in Gambach Franken","og_description":"Naturweingut in Gambach Franken, spezialisiert auf aus alten Reben gekelterten, spontanvergorenen und naturbelassenen Wei\u00dfweinen, Rotweinen sowie auch Cidre","og_url":"https:\/\/www.vetter-wein.de\/eng\/weinlagen\/","og_site_name":"Stefan Vetter - Naturweingut in Gambach Franken","article_modified_time":"2023-04-05T09:47:52+00:00","og_image":[{"url":"https:\/\/www.vetter-wein.de\/wordpress\/wp-content\/uploads\/elementor\/thumbs\/LOGO_Vetter_2023_white-Kopie-q2u9wma7xtmw40x7g1ghghczdad3tpsnii3tq5ejew.png"}],"twitter_card":"summary_large_image","twitter_misc":{"Est. reading time":"6 minutes"},"schema":{"@context":"https:\/\/schema.org","@graph":[{"@type":"WebPage","@id":"https:\/\/www.vetter-wein.de\/weinlagen\/","url":"https:\/\/www.vetter-wein.de\/weinlagen\/","name":"Weinlagen - Stefan Vetter - Naturweingut in Gambach Franken","isPartOf":{"@id":"https:\/\/www.vetter-wein.de\/#website"},"datePublished":"2023-03-14T12:03:27+00:00","dateModified":"2023-04-05T09:47:52+00:00","description":"Naturweingut in Gambach Franken, spezialisiert auf aus alten Reben gekelterten, spontanvergorenen und naturbelassenen Wei\u00dfweinen, Rotweinen sowie auch Cidre","breadcrumb":{"@id":"https:\/\/www.vetter-wein.de\/weinlagen\/#breadcrumb"},"inLanguage":"en-US","potentialAction":[{"@type":"ReadAction","target":["https:\/\/www.vetter-wein.de\/weinlagen\/"]}]},{"@type":"BreadcrumbList","@id":"https:\/\/www.vetter-wein.de\/weinlagen\/#breadcrumb","itemListElement":[{"@type":"ListItem","position":1,"name":"Startseite","item":"https:\/\/www.vetter-wein.de\/"},{"@type":"ListItem","position":2,"name":"Weinlagen"}]},{"@type":"WebSite","@id":"https:\/\/www.vetter-wein.de\/#website","url":"https:\/\/www.vetter-wein.de\/","name":"Stefan Vetter - Naturweingut in Gambach Franken","description":"","potentialAction":[{"@type":"SearchAction","target":{"@type":"EntryPoint","urlTemplate":"https:\/\/www.vetter-wein.de\/?s={search_term_string}"},"query-input":"required name=search_term_string"}],"inLanguage":"en-US"}]}},"_links":{"self":[{"href":"https:\/\/www.vetter-wein.de\/eng\/wp-json\/wp\/v2\/pages\/929","targetHints":{"allow":["GET"]}}],"collection":[{"href":"https:\/\/www.vetter-wein.de\/eng\/wp-json\/wp\/v2\/pages"}],"about":[{"href":"https:\/\/www.vetter-wein.de\/eng\/wp-json\/wp\/v2\/types\/page"}],"author":[{"embeddable":true,"href":"https:\/\/www.vetter-wein.de\/eng\/wp-json\/wp\/v2\/users\/1"}],"replies":[{"embeddable":true,"href":"https:\/\/www.vetter-wein.de\/eng\/wp-json\/wp\/v2\/comments?post=929"}],"version-history":[{"count":45,"href":"https:\/\/www.vetter-wein.de\/eng\/wp-json\/wp\/v2\/pages\/929\/revisions"}],"predecessor-version":[{"id":1609,"href":"https:\/\/www.vetter-wein.de\/eng\/wp-json\/wp\/v2\/pages\/929\/revisions\/1609"}],"wp:attachment":[{"href":"https:\/\/www.vetter-wein.de\/eng\/wp-json\/wp\/v2\/media?parent=929"}],"curies":[{"name":"wp","href":"https:\/\/api.w.org\/{rel}","templated":true}]}}